{"id":18237,"date":"2023-11-24T13:42:23","date_gmt":"2023-11-24T12:42:23","guid":{"rendered":"https:\/\/alhambra-entradas.demo.iacpospre.com\/producto\/invitacion-dia-de-la-toma-de-granada\/"},"modified":"2023-12-26T14:23:31","modified_gmt":"2023-12-26T13:23:31","slug":"invitacion-dia-de-la-toma-de-granada","status":"publish","type":"producto","link":"https:\/\/alhambra-entradas.demo.iacpospre.com\/en\/producto\/invitacion-dia-de-la-toma-de-granada\/","title":{"rendered":"Invitaci\u00f3n D\u00eda de la toma de Granada"},"content":{"rendered":"<p>[et_pb_section fb_built=&#8221;1&#8243; fullwidth=&#8221;on&#8221; _builder_version=&#8221;4.16&#8243; _module_preset=&#8221;default&#8221; display_conditions=&#8221;bnVsbA==&#8221; global_colors_info=&#8221;{}&#8221;][et_pb_fullwidth_image src=&#8221;https:\/\/alhambra-entradas.demo.iacpospre.com\/wp-content\/uploads\/2023\/11\/panoramica2.jpg&#8221; title_text=&#8221;panoramica2&#8243; _builder_version=&#8221;4.23.1&#8243; _module_preset=&#8221;default&#8221; display_conditions=&#8221;bnVsbA==&#8221; custom_margin=&#8221;||||false|false&#8221; custom_padding=&#8221;||||true|false&#8221; global_colors_info=&#8221;{}&#8221;][\/et_pb_fullwidth_image][\/et_pb_section][et_pb_section fb_built=&#8221;1&#8243; module_class=&#8221;section-description&#8221; _builder_version=&#8221;4.16&#8243; _module_preset=&#8221;default&#8221; display_conditions=&#8221;bnVsbA==&#8221; custom_margin=&#8221;||||false|false&#8221; custom_padding=&#8221;10px|60px|10px|60px|true|true&#8221; global_colors_info=&#8221;{}&#8221;][et_pb_row column_structure=&#8221;3_5,2_5&#8243; use_custom_gutter=&#8221;on&#8221; gutter_width=&#8221;2&#8243; _builder_version=&#8221;4.16&#8243; _module_preset=&#8221;default&#8221; global_colors_info=&#8221;{}&#8221;][et_pb_column type=&#8221;3_5&#8243; _builder_version=&#8221;4.16&#8243; _module_preset=&#8221;default&#8221; global_colors_info=&#8221;{}&#8221;][et_pb_text disabled_on=&#8221;on|on|on&#8221; _builder_version=&#8221;4.23.1&#8243; _module_preset=&#8221;default&#8221; text_text_color=&#8221;#757575&#8243; text_font_size=&#8221;15px&#8221; text_orientation=&#8221;justified&#8221; display_conditions=&#8221;bnVsbA==&#8221; custom_margin=&#8221;-1px||2px|||&#8221; custom_padding=&#8221;3px|||||&#8221; disabled=&#8221;on&#8221; locked=&#8221;off&#8221; global_colors_info=&#8221;{}&#8221;]<\/p>\n<p><strong><span style=\"color: #ff0000;\">No se admiten devoluciones ni cambios. <span style=\"color: #000000;\">Consulte nuestra<\/span><\/span><\/strong> <a href=\"https:\/\/alhambra-entradas.demo.iacpospre.com\/en\/purchase-policy\/\" target=\"_blank\" rel=\"noopener\"><strong>pol\u00edtica de compras<\/strong>.<\/a><\/p>\n<p>[\/et_pb_text][et_pb_text disabled_on=&#8221;on|on|on&#8221; _builder_version=&#8221;4.23.1&#8243; _module_preset=&#8221;default&#8221; text_text_color=&#8221;#757575&#8243; text_font_size=&#8221;15px&#8221; text_orientation=&#8221;justified&#8221; display_conditions=&#8221;bnVsbA==&#8221; custom_margin=&#8221;10px||22px|||&#8221; custom_padding=&#8221;1px|||||&#8221; disabled=&#8221;on&#8221; locked=&#8221;off&#8221; global_colors_info=&#8221;{}&#8221;]<\/p>\n<p style=\"text-align: left;\"><span style=\"font-size: 15px; color: #ff0000;\"><strong> Presentar en el acceso documento de identidad original.<\/strong> <\/span><\/p>\n<p>[\/et_pb_text][\/et_pb_column][et_pb_column type=&#8221;2_5&#8243; _builder_version=&#8221;4.16&#8243; _module_preset=&#8221;default&#8221; global_colors_info=&#8221;{}&#8221;][et_pb_button button_text=&#8221;BOOK A VISIT&#8221; button_alignment=&#8221;right&#8221; module_class=&#8221;btn-cta&#8221; _builder_version=&#8221;4.23&#8243; _module_preset=&#8221;default&#8221; custom_button=&#8221;on&#8221; button_text_size=&#8221;16px&#8221; button_text_color=&#8221;#9e9e9e&#8221; button_bg_color=&#8221;#000000&#8243; button_border_width=&#8221;0px&#8221; button_font=&#8221;Rubik|700|||||||&#8221; button_use_icon=&#8221;off&#8221; display_conditions=&#8221;bnVsbA==&#8221; custom_padding=&#8221;20px|20px|20px|20px|true|true&#8221; animation_direction=&#8221;left&#8221; button_text_size_tablet=&#8221;13px&#8221; button_text_size_phone=&#8221;11px&#8221; button_text_size_last_edited=&#8221;on|phone&#8221; locked=&#8221;off&#8221; global_colors_info=&#8221;{}&#8221; button_text_color__hover_enabled=&#8221;on|hover&#8221; button_text_color__hover=&#8221;#FFFFFF&#8221; button_bg_color__hover_enabled=&#8221;on|hover&#8221; button_bg_color__hover=&#8221;#000000&#8243;][\/et_pb_button][\/et_pb_column][\/et_pb_row][et_pb_row _builder_version=&#8221;4.16&#8243; _module_preset=&#8221;default&#8221; background_size=&#8221;initial&#8221; background_position=&#8221;top_left&#8221; background_repeat=&#8221;repeat&#8221; width=&#8221;100%&#8221; module_alignment=&#8221;center&#8221; display_conditions=&#8221;bnVsbA==&#8221; custom_margin=&#8221;|28px||28px||true&#8221; custom_padding=&#8221;40px||10px||false|false&#8221; global_colors_info=&#8221;{}&#8221;][et_pb_column type=&#8221;4_4&#8243; _builder_version=&#8221;4.16&#8243; _module_preset=&#8221;default&#8221; display_conditions=&#8221;bnVsbA==&#8221; global_colors_info=&#8221;{}&#8221;][et_pb_text _builder_version=&#8221;4.23.1&#8243; _module_preset=&#8221;default&#8221; text_font=&#8221;|||on|||||&#8221; text_font_size=&#8221;17px&#8221; text_orientation=&#8221;center&#8221; custom_margin=&#8221;||12px|||&#8221; global_colors_info=&#8221;{}&#8221;]<\/p>\n<h2 class=\"title-rubik-40\">Visite Torre de la Vela<\/h2>\n<p>[\/et_pb_text][et_pb_divider color=&#8221;#8C6536&#8243; divider_weight=&#8221;2px&#8221; _builder_version=&#8221;4.19.0&#8243; _module_preset=&#8221;default&#8221; width=&#8221;78%&#8221; module_alignment=&#8221;center&#8221; custom_margin=&#8221;||6px|||&#8221; global_colors_info=&#8221;{}&#8221;][\/et_pb_divider][et_pb_text _builder_version=&#8221;4.23.1&#8243; text_font=&#8221;Rubik||||||||&#8221; text_text_color=&#8221;#757575&#8243; background_size=&#8221;initial&#8221; background_position=&#8221;top_left&#8221; background_repeat=&#8221;repeat&#8221; hover_enabled=&#8221;0&#8243; border_style=&#8221;solid&#8221; locked=&#8221;off&#8221; global_colors_info=&#8221;{}&#8221; sticky_enabled=&#8221;0&#8243;]<\/p>\n<p style=\"text-align: center;\"><strong>2 JANVIER 2024<\/strong><\/p>\n<p>[\/et_pb_text][\/et_pb_column][\/et_pb_row][et_pb_row column_structure=&#8221;2_5,3_5&#8243; _builder_version=&#8221;4.16&#8243; _module_preset=&#8221;default&#8221; display_conditions=&#8221;bnVsbA==&#8221; custom_padding=&#8221;40px||13px|||&#8221; global_colors_info=&#8221;{}&#8221;][et_pb_column type=&#8221;2_5&#8243; _builder_version=&#8221;4.16&#8243; _module_preset=&#8221;default&#8221; global_colors_info=&#8221;{}&#8221;][et_pb_text _builder_version=&#8221;4.19.0&#8243; _module_preset=&#8221;default&#8221; text_font=&#8221;Rubik|700|||||||&#8221; display_conditions=&#8221;bnVsbA==&#8221; custom_margin=&#8221;||-2px|||&#8221; custom_padding=&#8221;10px||10px|20px|true|false&#8221; border_width_all=&#8221;1px&#8221; border_color_all=&#8221;#c6c8c9&#8243; locked=&#8221;off&#8221; global_colors_info=&#8221;{}&#8221;]<\/p>\n<p>INCLUDE<\/p>\n<p>[\/et_pb_text][et_pb_blurb title=&#8221;Alcazaba: torre de la Vela.&#8221; image=&#8221;https:\/\/alhambra-entradas.demo.iacpospre.com\/wp-content\/uploads\/2021\/12\/check-list.png&#8221; icon_placement=&#8221;left&#8221; _builder_version=&#8221;4.23.1&#8243; _module_preset=&#8221;default&#8221; header_font=&#8221;Rubik||||||||&#8221; header_text_color=&#8221;#757575&#8243; header_font_size=&#8221;14px&#8221; header_line_height=&#8221;1.2em&#8221; body_font=&#8221;Rubik|300|||||||&#8221; body_text_color=&#8221;#757575&#8243; display_conditions=&#8221;bnVsbA==&#8221; custom_margin=&#8221;||-2px||false|false&#8221; custom_padding=&#8221;18px|10px|10px|10px|false|true&#8221; border_radii=&#8221;on|1px|1px|1px|1px&#8221; border_width_all=&#8221;1px&#8221; border_color_all=&#8221;#c6c8c9&#8243; border_width_top=&#8221;0px&#8221; locked=&#8221;off&#8221; global_colors_info=&#8221;{}&#8221;][\/et_pb_blurb][\/et_pb_column][et_pb_column type=&#8221;3_5&#8243; _builder_version=&#8221;4.16&#8243; _module_preset=&#8221;default&#8221; global_colors_info=&#8221;{}&#8221;][et_pb_text _builder_version=&#8221;4.18.1&#8243; _module_preset=&#8221;default&#8221; text_font=&#8221;Rubik|300||||on|||&#8221; text_font_size=&#8221;34px&#8221; header_font=&#8221;Hallosans|300|||||||&#8221; header_font_size=&#8221;50px&#8221; header_2_font=&#8221;Hallosans|300|||||||&#8221; header_2_font_size=&#8221;50px&#8221; display_conditions=&#8221;bnVsbA==&#8221; custom_margin=&#8221;||45px||false|false&#8221; locked=&#8221;off&#8221; global_colors_info=&#8221;{}&#8221;]<\/p>\n<p>IMPORTANT<\/p>\n<p>[\/et_pb_text][et_pb_text _builder_version=&#8221;4.23.1&#8243; _module_preset=&#8221;default&#8221; text_font=&#8221;Rubik||||||||&#8221; text_text_color=&#8221;#757575&#8243; display_conditions=&#8221;bnVsbA==&#8221; custom_margin=&#8221;||||false|false&#8221; custom_padding=&#8221;||||false|false&#8221; custom_padding_tablet=&#8221;|141px||||&#8221; custom_padding_phone=&#8221;|50px|||false|false&#8221; custom_padding_last_edited=&#8221;on|phone&#8221; locked=&#8221;off&#8221; global_colors_info=&#8221;{}&#8221;]<\/p>\n<p><span style=\"font-size: 14px;\">La visite \u00e0 la Torre de la Vela aura lieu au jour et horaire indiqu\u00e9 sur l\u2019invitation.<\/span><\/p>\n<p>[\/et_pb_text][\/et_pb_column][\/et_pb_row][\/et_pb_section][et_pb_section fb_built=&#8221;1&#8243; _builder_version=&#8221;4.17.0&#8243; _module_preset=&#8221;default&#8221; custom_padding=&#8221;20px||20px||true|false&#8221; global_colors_info=&#8221;{}&#8221;][et_pb_row _builder_version=&#8221;4.16&#8243; _module_preset=&#8221;default&#8221; custom_padding=&#8221;17px|||||&#8221; global_colors_info=&#8221;{}&#8221;][et_pb_column type=&#8221;4_4&#8243; _builder_version=&#8221;4.16&#8243; _module_preset=&#8221;default&#8221; global_colors_info=&#8221;{}&#8221;][et_pb_text _builder_version=&#8221;4.23.1&#8243; _module_preset=&#8221;default&#8221; text_font=&#8221;Rubik|300||||on|||&#8221; text_font_size=&#8221;34px&#8221; header_font=&#8221;Hallosans|300|||||||&#8221; header_font_size=&#8221;50px&#8221; header_2_font=&#8221;Hallosans|300|||||||&#8221; header_2_font_size=&#8221;50px&#8221; display_conditions=&#8221;bnVsbA==&#8221; custom_margin=&#8221;||45px||false|false&#8221; locked=&#8221;off&#8221; global_colors_info=&#8221;{}&#8221;]<\/p>\n<p>TORRE DE LA VELA<\/p>\n<p>[\/et_pb_text][et_pb_text _builder_version=&#8221;4.23.1&#8243; _module_preset=&#8221;default&#8221; text_font=&#8221;Rubik||||||||&#8221; text_text_color=&#8221;#757575&#8243; display_conditions=&#8221;bnVsbA==&#8221; text_font_size_tablet=&#8221;13px&#8221; text_font_size_phone=&#8221;12px&#8221; text_font_size_last_edited=&#8221;on|phone&#8221; border_color_all=&#8221;RGBA(255,255,255,0)&#8221; global_colors_info=&#8221;{}&#8221;]<\/p>\n<p style=\"text-align: left;\">Consid\u00e9r\u00e9 comme l\u2019un des symboles les plus remarquables de l\u2019Alhambra et de la ville de Grenade elle-m\u00eame, \u00e0 l\u2019int\u00e9rieur de la Torre de la Vela se trouve une r\u00e9sidence qui occupe tout le troisi\u00e8me \u00e9tage et qui est traditionnellement connue sous le nom de \u201cLa Velera\u201d.<\/p>\n<p>Avec ses diff\u00e9rentes sonneries militaires de jour et de nuit, la cloche de la Vela a influenc\u00e9 la ville de Grenade et ses alentours. En raison de sa r\u00e9gularit\u00e9 elle a \u00e9t\u00e9 utilis\u00e9 jusqu\u2019\u00e0 une \u00e9poque tr\u00e8s r\u00e9cente par les agriculteurs de la Vega pour organiser les tours d\u2019irrigation. Elle sonnait \u00e9galement lors d\u2019occasions sp\u00e9ciales telles que l\u2019alarme en cas d\u2019incendies, de soul\u00e8vements<br \/>\npopulaires ou de deuils royaux.<\/p>\n<p>Tout au long de l\u2019ann\u00e9e, la cloche de la Torre de la Vela retentit \u00e0 l\u2019occasion de comm\u00e9morations telle que le 2 janvier, jour de la prise de la ville; le 12 octobre jour de l\u2019Hispanit\u00e9, ou pendant la semaine sainte, lors de la procession de la Cofrad\u00eda de Santa Mar\u00eda de l\u2019Alhambra \u00e0 travers de la ville.<\/p>\n<p>Le maintien de cette tradition a permis la p\u00e9rennit\u00e9 d\u2019une des valeurs immat\u00e9rielles du Monument et a contribu\u00e9 \u00e0 enrichir une partie du patrimoine culturel qui compose l\u2019ensemble de<br \/>\nl\u2019Alhambra.\n<\/p>\n<p>[\/et_pb_text][\/et_pb_column][\/et_pb_row][\/et_pb_section]<\/p>\n","protected":false},"featured_media":0,"template":"","meta":{"_acf_changed":false,"_et_pb_use_builder":"on","_et_pb_old_content":"","_et_gb_content_width":""},"class_list":["post-18237","producto","type-producto","status-publish","hentry"],"acf":[],"yoast_head":"<!-- This site is optimized with the Yoast SEO plugin v27.5 - https:\/\/yoast.com\/product\/yoast-seo-wordpress\/ -->\n<title>Entrada Alhambra General | Alhambra Tickets, Compra de Entradas Oficiales del Patronato de la Alhambra&quot;<\/title>\n<meta name=\"description\" content=\"Compra tu entrada &quot;Alhambra General&quot; y podr\u00e1s acceder a todos los espacios del monumento: Alcazaba, Palacios Nazar\u00edes, Generalife, Palacio de Carlos V y Ba\u00f1os\" \/>\n<meta name=\"robots\" content=\"noindex, follow, max-snippet:-1, max-image-preview:large, max-video-preview:-1\" \/>\n<meta property=\"og:locale\" content=\"en_US\" \/>\n<meta property=\"og:type\" content=\"article\" \/>\n<meta property=\"og:title\" content=\"Entrada Alhambra General | Alhambra Tickets, Compra de Entradas Oficiales del Patronato de la Alhambra&quot;\" \/>\n<meta property=\"og:description\" content=\"Compra tu entrada &quot;Alhambra General&quot; y podr\u00e1s acceder a todos los espacios del monumento: Alcazaba, Palacios Nazar\u00edes, Generalife, Palacio de Carlos V y Ba\u00f1os\" \/>\n<meta property=\"og:url\" content=\"https:\/\/alhambra-entradas.demo.iacpospre.com\/producto\/invitacion-dia-de-la-toma-de-granada\/\" \/>\n<meta property=\"og:site_name\" content=\"Tickets Alhambra Patronato\" \/>\n<meta property=\"article:modified_time\" content=\"2023-12-26T13:23:31+00:00\" \/>\n<meta name=\"twitter:card\" content=\"summary_large_image\" \/>\n<meta name=\"twitter:label1\" content=\"Est. reading time\" \/>\n\t<meta name=\"twitter:data1\" content=\"6 minutes\" \/>\n<script type=\"application\/ld+json\" class=\"yoast-schema-graph\">{\"@context\":\"https:\\\/\\\/schema.org\",\"@graph\":[{\"@type\":\"WebPage\",\"@id\":\"https:\\\/\\\/alhambra-entradas.demo.iacpospre.com\\\/producto\\\/invitacion-dia-de-la-toma-de-granada\\\/\",\"url\":\"https:\\\/\\\/alhambra-entradas.demo.iacpospre.com\\\/producto\\\/invitacion-dia-de-la-toma-de-granada\\\/\",\"name\":\"Entrada Alhambra General | Alhambra Tickets, Compra de Entradas Oficiales del Patronato de la Alhambra\\\"\",\"isPartOf\":{\"@id\":\"https:\\\/\\\/alhambra-entradas.demo.iacpospre.com\\\/#website\"},\"datePublished\":\"2023-11-24T12:42:23+00:00\",\"dateModified\":\"2023-12-26T13:23:31+00:00\",\"description\":\"Compra tu entrada \\\"Alhambra General\\\" y podr\u00e1s acceder a todos los espacios del monumento: Alcazaba, Palacios Nazar\u00edes, Generalife, Palacio de Carlos V y Ba\u00f1os\",\"breadcrumb\":{\"@id\":\"https:\\\/\\\/alhambra-entradas.demo.iacpospre.com\\\/producto\\\/invitacion-dia-de-la-toma-de-granada\\\/#breadcrumb\"},\"inLanguage\":\"en-US\",\"potentialAction\":[{\"@type\":\"ReadAction\",\"target\":[\"https:\\\/\\\/alhambra-entradas.demo.iacpospre.com\\\/producto\\\/invitacion-dia-de-la-toma-de-granada\\\/\"]}]},{\"@type\":\"BreadcrumbList\",\"@id\":\"https:\\\/\\\/alhambra-entradas.demo.iacpospre.com\\\/producto\\\/invitacion-dia-de-la-toma-de-granada\\\/#breadcrumb\",\"itemListElement\":[{\"@type\":\"ListItem\",\"position\":1,\"name\":\"Portada\",\"item\":\"https:\\\/\\\/alhambra-entradas.demo.iacpospre.com\\\/en\\\/\"},{\"@type\":\"ListItem\",\"position\":2,\"name\":\"Invitaci\u00f3n D\u00eda de la toma de Granada\"}]},{\"@type\":\"WebSite\",\"@id\":\"https:\\\/\\\/alhambra-entradas.demo.iacpospre.com\\\/#website\",\"url\":\"https:\\\/\\\/alhambra-entradas.demo.iacpospre.com\\\/\",\"name\":\"Tickets Alhambra Patronato\",\"description\":\"Compra de entradas Alhambra y Generalife\",\"potentialAction\":[{\"@type\":\"SearchAction\",\"target\":{\"@type\":\"EntryPoint\",\"urlTemplate\":\"https:\\\/\\\/alhambra-entradas.demo.iacpospre.com\\\/?s={search_term_string}\"},\"query-input\":{\"@type\":\"PropertyValueSpecification\",\"valueRequired\":true,\"valueName\":\"search_term_string\"}}],\"inLanguage\":\"en-US\"}]}<\/script>\n<!-- \/ Yoast SEO plugin. -->","yoast_head_json":{"title":"Entrada Alhambra General | Alhambra Tickets, Compra de Entradas Oficiales del Patronato de la Alhambra\"","description":"Compra tu entrada \"Alhambra General\" y podr\u00e1s acceder a todos los espacios del monumento: Alcazaba, Palacios Nazar\u00edes, Generalife, Palacio de Carlos V y Ba\u00f1os","robots":{"index":"noindex","follow":"follow","max-snippet":"max-snippet:-1","max-image-preview":"max-image-preview:large","max-video-preview":"max-video-preview:-1"},"og_locale":"en_US","og_type":"article","og_title":"Entrada Alhambra General | Alhambra Tickets, Compra de Entradas Oficiales del Patronato de la Alhambra\"","og_description":"Compra tu entrada \"Alhambra General\" y podr\u00e1s acceder a todos los espacios del monumento: Alcazaba, Palacios Nazar\u00edes, Generalife, Palacio de Carlos V y Ba\u00f1os","og_url":"https:\/\/alhambra-entradas.demo.iacpospre.com\/producto\/invitacion-dia-de-la-toma-de-granada\/","og_site_name":"Tickets Alhambra Patronato","article_modified_time":"2023-12-26T13:23:31+00:00","twitter_card":"summary_large_image","twitter_misc":{"Est. reading time":"6 minutes"},"schema":{"@context":"https:\/\/schema.org","@graph":[{"@type":"WebPage","@id":"https:\/\/alhambra-entradas.demo.iacpospre.com\/producto\/invitacion-dia-de-la-toma-de-granada\/","url":"https:\/\/alhambra-entradas.demo.iacpospre.com\/producto\/invitacion-dia-de-la-toma-de-granada\/","name":"Entrada Alhambra General | Alhambra Tickets, Compra de Entradas Oficiales del Patronato de la Alhambra\"","isPartOf":{"@id":"https:\/\/alhambra-entradas.demo.iacpospre.com\/#website"},"datePublished":"2023-11-24T12:42:23+00:00","dateModified":"2023-12-26T13:23:31+00:00","description":"Compra tu entrada \"Alhambra General\" y podr\u00e1s acceder a todos los espacios del monumento: Alcazaba, Palacios Nazar\u00edes, Generalife, Palacio de Carlos V y Ba\u00f1os","breadcrumb":{"@id":"https:\/\/alhambra-entradas.demo.iacpospre.com\/producto\/invitacion-dia-de-la-toma-de-granada\/#breadcrumb"},"inLanguage":"en-US","potentialAction":[{"@type":"ReadAction","target":["https:\/\/alhambra-entradas.demo.iacpospre.com\/producto\/invitacion-dia-de-la-toma-de-granada\/"]}]},{"@type":"BreadcrumbList","@id":"https:\/\/alhambra-entradas.demo.iacpospre.com\/producto\/invitacion-dia-de-la-toma-de-granada\/#breadcrumb","itemListElement":[{"@type":"ListItem","position":1,"name":"Portada","item":"https:\/\/alhambra-entradas.demo.iacpospre.com\/en\/"},{"@type":"ListItem","position":2,"name":"Invitaci\u00f3n D\u00eda de la toma de Granada"}]},{"@type":"WebSite","@id":"https:\/\/alhambra-entradas.demo.iacpospre.com\/#website","url":"https:\/\/alhambra-entradas.demo.iacpospre.com\/","name":"Tickets Alhambra Patronato","description":"Compra de entradas Alhambra y Generalife","potentialAction":[{"@type":"SearchAction","target":{"@type":"EntryPoint","urlTemplate":"https:\/\/alhambra-entradas.demo.iacpospre.com\/?s={search_term_string}"},"query-input":{"@type":"PropertyValueSpecification","valueRequired":true,"valueName":"search_term_string"}}],"inLanguage":"en-US"}]}},"_links":{"self":[{"href":"https:\/\/alhambra-entradas.demo.iacpospre.com\/en\/wp-json\/wp\/v2\/producto\/18237","targetHints":{"allow":["GET"]}}],"collection":[{"href":"https:\/\/alhambra-entradas.demo.iacpospre.com\/en\/wp-json\/wp\/v2\/producto"}],"about":[{"href":"https:\/\/alhambra-entradas.demo.iacpospre.com\/en\/wp-json\/wp\/v2\/types\/producto"}],"wp:attachment":[{"href":"https:\/\/alhambra-entradas.demo.iacpospre.com\/en\/wp-json\/wp\/v2\/media?parent=18237"}],"curies":[{"name":"wp","href":"https:\/\/api.w.org\/{rel}","templated":true}]}}