{"id":18235,"date":"2023-11-24T13:42:23","date_gmt":"2023-11-24T12:42:23","guid":{"rendered":"https:\/\/alhambra-entradas.demo.iacpospre.com\/producto\/invitacion-dia-de-la-toma-de-granada\/"},"modified":"2023-12-26T14:18:49","modified_gmt":"2023-12-26T13:18:49","slug":"invitacion-dia-de-la-toma-de-granada","status":"publish","type":"producto","link":"https:\/\/alhambra-entradas.demo.iacpospre.com\/fr\/producto\/invitacion-dia-de-la-toma-de-granada\/","title":{"rendered":"Invitaci\u00f3n D\u00eda de la toma de Granada"},"content":{"rendered":"<p>[et_pb_section fb_built=\u00a0\u00bb1&Prime; fullwidth=\u00a0\u00bbon\u00a0\u00bb _builder_version=\u00a0\u00bb4.16&Prime; _module_preset=\u00a0\u00bbdefault\u00a0\u00bb display_conditions=\u00a0\u00bbbnVsbA==\u00a0\u00bb global_colors_info=\u00a0\u00bb{}\u00a0\u00bb][et_pb_fullwidth_image src=\u00a0\u00bbhttps:\/\/alhambra-entradas.demo.iacpospre.com\/wp-content\/uploads\/2023\/11\/panoramica2.jpg\u00a0\u00bb title_text=\u00a0\u00bbpanoramica2&Prime; _builder_version=\u00a0\u00bb4.23.1&Prime; _module_preset=\u00a0\u00bbdefault\u00a0\u00bb display_conditions=\u00a0\u00bbbnVsbA==\u00a0\u00bb custom_margin=\u00a0\u00bb||||false|false\u00a0\u00bb custom_padding=\u00a0\u00bb||||true|false\u00a0\u00bb global_colors_info=\u00a0\u00bb{}\u00a0\u00bb][\/et_pb_fullwidth_image][\/et_pb_section][et_pb_section fb_built=\u00a0\u00bb1&Prime; module_class=\u00a0\u00bbsection-description\u00a0\u00bb _builder_version=\u00a0\u00bb4.16&Prime; _module_preset=\u00a0\u00bbdefault\u00a0\u00bb display_conditions=\u00a0\u00bbbnVsbA==\u00a0\u00bb custom_margin=\u00a0\u00bb||||false|false\u00a0\u00bb custom_padding=\u00a0\u00bb10px|60px|10px|60px|true|true\u00a0\u00bb global_colors_info=\u00a0\u00bb{}\u00a0\u00bb][et_pb_row column_structure=\u00a0\u00bb3_5,2_5&Prime; use_custom_gutter=\u00a0\u00bbon\u00a0\u00bb gutter_width=\u00a0\u00bb2&Prime; _builder_version=\u00a0\u00bb4.16&Prime; _module_preset=\u00a0\u00bbdefault\u00a0\u00bb global_colors_info=\u00a0\u00bb{}\u00a0\u00bb][et_pb_column type=\u00a0\u00bb3_5&Prime; _builder_version=\u00a0\u00bb4.16&Prime; _module_preset=\u00a0\u00bbdefault\u00a0\u00bb global_colors_info=\u00a0\u00bb{}\u00a0\u00bb][et_pb_text disabled_on=\u00a0\u00bbon|on|on\u00a0\u00bb _builder_version=\u00a0\u00bb4.23.1&Prime; _module_preset=\u00a0\u00bbdefault\u00a0\u00bb text_text_color=\u00a0\u00bb#757575&Prime; text_font_size=\u00a0\u00bb15px\u00a0\u00bb text_orientation=\u00a0\u00bbjustified\u00a0\u00bb display_conditions=\u00a0\u00bbbnVsbA==\u00a0\u00bb custom_margin=\u00a0\u00bb-1px||2px|||\u00a0\u00bb custom_padding=\u00a0\u00bb3px|||||\u00a0\u00bb disabled=\u00a0\u00bbon\u00a0\u00bb locked=\u00a0\u00bboff\u00a0\u00bb global_colors_info=\u00a0\u00bb{}\u00a0\u00bb]<\/p>\n<p><strong><span style=\"color: #ff0000;\">No se admiten devoluciones ni cambios. <span style=\"color: #000000;\">Consulte nuestra<\/span><\/span><\/strong> <a href=\"https:\/\/alhambra-entradas.demo.iacpospre.com\/fr\/politique-dachat\/\" target=\"_blank\" rel=\"noopener\"><strong>pol\u00edtica de compras<\/strong>.<\/a><\/p>\n<p>[\/et_pb_text][et_pb_text disabled_on=\u00a0\u00bbon|on|on\u00a0\u00bb _builder_version=\u00a0\u00bb4.23.1&Prime; _module_preset=\u00a0\u00bbdefault\u00a0\u00bb text_text_color=\u00a0\u00bb#757575&Prime; text_font_size=\u00a0\u00bb15px\u00a0\u00bb text_orientation=\u00a0\u00bbjustified\u00a0\u00bb display_conditions=\u00a0\u00bbbnVsbA==\u00a0\u00bb custom_margin=\u00a0\u00bb10px||22px|||\u00a0\u00bb custom_padding=\u00a0\u00bb1px|||||\u00a0\u00bb disabled=\u00a0\u00bbon\u00a0\u00bb locked=\u00a0\u00bboff\u00a0\u00bb global_colors_info=\u00a0\u00bb{}\u00a0\u00bb]<\/p>\n<p style=\"text-align: left;\"><span style=\"font-size: 15px; color: #ff0000;\"><strong> Presentar en el acceso documento de identidad original.<\/strong> <\/span><\/p>\n<p>[\/et_pb_text][\/et_pb_column][et_pb_column type=\u00a0\u00bb2_5&Prime; _builder_version=\u00a0\u00bb4.16&Prime; _module_preset=\u00a0\u00bbdefault\u00a0\u00bb global_colors_info=\u00a0\u00bb{}\u00a0\u00bb][et_pb_button button_text=\u00a0\u00bbR\u00c9SERVER UNE VISITE\u00a0\u00bb button_alignment=\u00a0\u00bbright\u00a0\u00bb module_class=\u00a0\u00bbbtn-cta\u00a0\u00bb _builder_version=\u00a0\u00bb4.23&Prime; _module_preset=\u00a0\u00bbdefault\u00a0\u00bb custom_button=\u00a0\u00bbon\u00a0\u00bb button_text_size=\u00a0\u00bb16px\u00a0\u00bb button_text_color=\u00a0\u00bb#9e9e9e\u00a0\u00bb button_bg_color=\u00a0\u00bb#000000&Prime; button_border_width=\u00a0\u00bb0px\u00a0\u00bb button_font=\u00a0\u00bbRubik|700|||||||\u00a0\u00bb button_use_icon=\u00a0\u00bboff\u00a0\u00bb display_conditions=\u00a0\u00bbbnVsbA==\u00a0\u00bb custom_padding=\u00a0\u00bb20px|20px|20px|20px|true|true\u00a0\u00bb animation_direction=\u00a0\u00bbleft\u00a0\u00bb button_text_size_tablet=\u00a0\u00bb13px\u00a0\u00bb button_text_size_phone=\u00a0\u00bb11px\u00a0\u00bb button_text_size_last_edited=\u00a0\u00bbon|phone\u00a0\u00bb locked=\u00a0\u00bboff\u00a0\u00bb global_colors_info=\u00a0\u00bb{}\u00a0\u00bb button_text_color__hover_enabled=\u00a0\u00bbon|hover\u00a0\u00bb button_text_color__hover=\u00a0\u00bb#FFFFFF\u00a0\u00bb button_bg_color__hover_enabled=\u00a0\u00bbon|hover\u00a0\u00bb button_bg_color__hover=\u00a0\u00bb#000000&Prime;][\/et_pb_button][\/et_pb_column][\/et_pb_row][et_pb_row _builder_version=\u00a0\u00bb4.16&Prime; _module_preset=\u00a0\u00bbdefault\u00a0\u00bb background_size=\u00a0\u00bbinitial\u00a0\u00bb background_position=\u00a0\u00bbtop_left\u00a0\u00bb background_repeat=\u00a0\u00bbrepeat\u00a0\u00bb width=\u00a0\u00bb100%\u00a0\u00bb module_alignment=\u00a0\u00bbcenter\u00a0\u00bb display_conditions=\u00a0\u00bbbnVsbA==\u00a0\u00bb custom_margin=\u00a0\u00bb|28px||28px||true\u00a0\u00bb custom_padding=\u00a0\u00bb40px||10px||false|false\u00a0\u00bb global_colors_info=\u00a0\u00bb{}\u00a0\u00bb][et_pb_column type=\u00a0\u00bb4_4&Prime; _builder_version=\u00a0\u00bb4.16&Prime; _module_preset=\u00a0\u00bbdefault\u00a0\u00bb display_conditions=\u00a0\u00bbbnVsbA==\u00a0\u00bb global_colors_info=\u00a0\u00bb{}\u00a0\u00bb][et_pb_text _builder_version=\u00a0\u00bb4.23.1&Prime; _module_preset=\u00a0\u00bbdefault\u00a0\u00bb text_font=\u00a0\u00bb|||on|||||\u00a0\u00bb text_font_size=\u00a0\u00bb17px\u00a0\u00bb text_orientation=\u00a0\u00bbcenter\u00a0\u00bb custom_margin=\u00a0\u00bb||12px|||\u00a0\u00bb global_colors_info=\u00a0\u00bb{}\u00a0\u00bb]<\/p>\n<h2 class=\"title-rubik-40\">VISITE TORRE DE LA VELA<\/h2>\n<p>[\/et_pb_text][et_pb_divider color=\u00a0\u00bb#8C6536&Prime; divider_weight=\u00a0\u00bb2px\u00a0\u00bb _builder_version=\u00a0\u00bb4.19.0&Prime; _module_preset=\u00a0\u00bbdefault\u00a0\u00bb width=\u00a0\u00bb78%\u00a0\u00bb module_alignment=\u00a0\u00bbcenter\u00a0\u00bb custom_margin=\u00a0\u00bb||6px|||\u00a0\u00bb global_colors_info=\u00a0\u00bb{}\u00a0\u00bb][\/et_pb_divider][et_pb_text _builder_version=\u00a0\u00bb4.23.1&Prime; text_font=\u00a0\u00bbRubik||||||||\u00a0\u00bb text_text_color=\u00a0\u00bb#757575&Prime; background_size=\u00a0\u00bbinitial\u00a0\u00bb background_position=\u00a0\u00bbtop_left\u00a0\u00bb background_repeat=\u00a0\u00bbrepeat\u00a0\u00bb hover_enabled=\u00a0\u00bb0&Prime; border_style=\u00a0\u00bbsolid\u00a0\u00bb locked=\u00a0\u00bboff\u00a0\u00bb global_colors_info=\u00a0\u00bb{}\u00a0\u00bb sticky_enabled=\u00a0\u00bb0&Prime;]<\/p>\n<p style=\"text-align: center;\"><strong>2 JANVIER 2024<\/strong><\/p>\n<p>[\/et_pb_text][\/et_pb_column][\/et_pb_row][et_pb_row column_structure=\u00a0\u00bb2_5,3_5&Prime; _builder_version=\u00a0\u00bb4.16&Prime; _module_preset=\u00a0\u00bbdefault\u00a0\u00bb display_conditions=\u00a0\u00bbbnVsbA==\u00a0\u00bb custom_padding=\u00a0\u00bb40px||13px|||\u00a0\u00bb global_colors_info=\u00a0\u00bb{}\u00a0\u00bb][et_pb_column type=\u00a0\u00bb2_5&Prime; _builder_version=\u00a0\u00bb4.16&Prime; _module_preset=\u00a0\u00bbdefault\u00a0\u00bb global_colors_info=\u00a0\u00bb{}\u00a0\u00bb][et_pb_text _builder_version=\u00a0\u00bb4.19.0&Prime; _module_preset=\u00a0\u00bbdefault\u00a0\u00bb text_font=\u00a0\u00bbRubik|700|||||||\u00a0\u00bb display_conditions=\u00a0\u00bbbnVsbA==\u00a0\u00bb custom_margin=\u00a0\u00bb||-2px|||\u00a0\u00bb custom_padding=\u00a0\u00bb10px||10px|20px|true|false\u00a0\u00bb border_width_all=\u00a0\u00bb1px\u00a0\u00bb border_color_all=\u00a0\u00bb#c6c8c9&Prime; locked=\u00a0\u00bboff\u00a0\u00bb global_colors_info=\u00a0\u00bb{}\u00a0\u00bb]<\/p>\n<p>COMPREND<\/p>\n<p>[\/et_pb_text][et_pb_blurb title=\u00a0\u00bbAlcazaba: torre de la Vela.\u00a0\u00bb image=\u00a0\u00bbhttps:\/\/alhambra-entradas.demo.iacpospre.com\/wp-content\/uploads\/2021\/12\/check-list.png\u00a0\u00bb icon_placement=\u00a0\u00bbleft\u00a0\u00bb _builder_version=\u00a0\u00bb4.23.1&Prime; _module_preset=\u00a0\u00bbdefault\u00a0\u00bb header_font=\u00a0\u00bbRubik||||||||\u00a0\u00bb header_text_color=\u00a0\u00bb#757575&Prime; header_font_size=\u00a0\u00bb14px\u00a0\u00bb header_line_height=\u00a0\u00bb1.2em\u00a0\u00bb body_font=\u00a0\u00bbRubik|300|||||||\u00a0\u00bb body_text_color=\u00a0\u00bb#757575&Prime; display_conditions=\u00a0\u00bbbnVsbA==\u00a0\u00bb custom_margin=\u00a0\u00bb||-2px||false|false\u00a0\u00bb custom_padding=\u00a0\u00bb18px|10px|10px|10px|false|true\u00a0\u00bb border_radii=\u00a0\u00bbon|1px|1px|1px|1px\u00a0\u00bb border_width_all=\u00a0\u00bb1px\u00a0\u00bb border_color_all=\u00a0\u00bb#c6c8c9&Prime; border_width_top=\u00a0\u00bb0px\u00a0\u00bb locked=\u00a0\u00bboff\u00a0\u00bb global_colors_info=\u00a0\u00bb{}\u00a0\u00bb][\/et_pb_blurb][\/et_pb_column][et_pb_column type=\u00a0\u00bb3_5&Prime; _builder_version=\u00a0\u00bb4.16&Prime; _module_preset=\u00a0\u00bbdefault\u00a0\u00bb global_colors_info=\u00a0\u00bb{}\u00a0\u00bb][et_pb_text _builder_version=\u00a0\u00bb4.18.1&Prime; _module_preset=\u00a0\u00bbdefault\u00a0\u00bb text_font=\u00a0\u00bbRubik|300||||on|||\u00a0\u00bb text_font_size=\u00a0\u00bb34px\u00a0\u00bb header_font=\u00a0\u00bbHallosans|300|||||||\u00a0\u00bb header_font_size=\u00a0\u00bb50px\u00a0\u00bb header_2_font=\u00a0\u00bbHallosans|300|||||||\u00a0\u00bb header_2_font_size=\u00a0\u00bb50px\u00a0\u00bb display_conditions=\u00a0\u00bbbnVsbA==\u00a0\u00bb custom_margin=\u00a0\u00bb||45px||false|false\u00a0\u00bb locked=\u00a0\u00bboff\u00a0\u00bb global_colors_info=\u00a0\u00bb{}\u00a0\u00bb]<\/p>\n<p>IMPORTANT<\/p>\n<p>[\/et_pb_text][et_pb_text _builder_version=\u00a0\u00bb4.23.1&Prime; _module_preset=\u00a0\u00bbdefault\u00a0\u00bb text_font=\u00a0\u00bbRubik||||||||\u00a0\u00bb text_text_color=\u00a0\u00bb#757575&Prime; display_conditions=\u00a0\u00bbbnVsbA==\u00a0\u00bb custom_margin=\u00a0\u00bb||||false|false\u00a0\u00bb custom_padding=\u00a0\u00bb||||false|false\u00a0\u00bb custom_padding_tablet=\u00a0\u00bb|141px||||\u00a0\u00bb custom_padding_phone=\u00a0\u00bb|50px|||false|false\u00a0\u00bb custom_padding_last_edited=\u00a0\u00bbon|phone\u00a0\u00bb locked=\u00a0\u00bboff\u00a0\u00bb global_colors_info=\u00a0\u00bb{}\u00a0\u00bb]<\/p>\n<p><span style=\"font-size: 14px;\">La visite \u00e0 la Torre de la Vela aura lieu au jour et horaire indiqu\u00e9 sur l\u2019invitation.<\/span><\/p>\n<p>[\/et_pb_text][\/et_pb_column][\/et_pb_row][\/et_pb_section][et_pb_section fb_built=\u00a0\u00bb1&Prime; _builder_version=\u00a0\u00bb4.17.0&Prime; _module_preset=\u00a0\u00bbdefault\u00a0\u00bb custom_padding=\u00a0\u00bb20px||20px||true|false\u00a0\u00bb global_colors_info=\u00a0\u00bb{}\u00a0\u00bb][et_pb_row _builder_version=\u00a0\u00bb4.16&Prime; _module_preset=\u00a0\u00bbdefault\u00a0\u00bb custom_padding=\u00a0\u00bb17px|||||\u00a0\u00bb global_colors_info=\u00a0\u00bb{}\u00a0\u00bb][et_pb_column type=\u00a0\u00bb4_4&Prime; _builder_version=\u00a0\u00bb4.16&Prime; _module_preset=\u00a0\u00bbdefault\u00a0\u00bb global_colors_info=\u00a0\u00bb{}\u00a0\u00bb][et_pb_text _builder_version=\u00a0\u00bb4.23.1&Prime; _module_preset=\u00a0\u00bbdefault\u00a0\u00bb text_font=\u00a0\u00bbRubik|300||||on|||\u00a0\u00bb text_font_size=\u00a0\u00bb34px\u00a0\u00bb header_font=\u00a0\u00bbHallosans|300|||||||\u00a0\u00bb header_font_size=\u00a0\u00bb50px\u00a0\u00bb header_2_font=\u00a0\u00bbHallosans|300|||||||\u00a0\u00bb header_2_font_size=\u00a0\u00bb50px\u00a0\u00bb display_conditions=\u00a0\u00bbbnVsbA==\u00a0\u00bb custom_margin=\u00a0\u00bb||45px||false|false\u00a0\u00bb locked=\u00a0\u00bboff\u00a0\u00bb global_colors_info=\u00a0\u00bb{}\u00a0\u00bb]<\/p>\n<p>TORRE DE LA VELA<\/p>\n<p>[\/et_pb_text][et_pb_text _builder_version=\u00a0\u00bb4.23.1&Prime; _module_preset=\u00a0\u00bbdefault\u00a0\u00bb text_font=\u00a0\u00bbRubik||||||||\u00a0\u00bb text_text_color=\u00a0\u00bb#757575&Prime; display_conditions=\u00a0\u00bbbnVsbA==\u00a0\u00bb text_font_size_tablet=\u00a0\u00bb13px\u00a0\u00bb text_font_size_phone=\u00a0\u00bb12px\u00a0\u00bb text_font_size_last_edited=\u00a0\u00bbon|phone\u00a0\u00bb border_color_all=\u00a0\u00bbRGBA(255,255,255,0)\u00a0\u00bb global_colors_info=\u00a0\u00bb{}\u00a0\u00bb]<\/p>\n<p style=\"text-align: left;\">Consid\u00e9r\u00e9 comme l\u2019un des symboles les plus remarquables de l\u2019Alhambra et de la ville de Grenade elle-m\u00eame, \u00e0 l\u2019int\u00e9rieur de la Torre de la Vela se trouve une r\u00e9sidence qui occupe tout le troisi\u00e8me \u00e9tage et qui est traditionnellement connue sous le nom de \u201cLa Velera\u201d.<br \/>\nAvec ses diff\u00e9rentes sonneries militaires de jour et de nuit, la cloche de la Vela a influenc\u00e9 la ville de Grenade et ses alentours. En raison de sa r\u00e9gularit\u00e9 elle a \u00e9t\u00e9 utilis\u00e9 jusqu\u2019\u00e0 une \u00e9poque tr\u00e8s r\u00e9cente par les agriculteurs de la Vega pour organiser les tours d\u2019irrigation. Elle sonnait \u00e9galement lors d\u2019occasions sp\u00e9ciales telles que l\u2019alarme en cas d\u2019incendies, de soul\u00e8vements<br \/>\npopulaires ou de deuils royaux.<\/p>\n<p>Tout au long de l\u2019ann\u00e9e, la cloche de la Torre de la Vela retentit \u00e0 l\u2019occasion de comm\u00e9morations telle que le 2 janvier, jour de la prise de la ville; le 12 octobre jour de l\u2019Hispanit\u00e9, ou pendant la semaine sainte, lors de la procession de la Cofrad\u00eda de Santa Mar\u00eda de l\u2019Alhambra \u00e0 travers de la ville.<\/p>\n<p>Le maintien de cette tradition a permis la p\u00e9rennit\u00e9 d\u2019une des valeurs immat\u00e9rielles du Monument et a contribu\u00e9 \u00e0 enrichir une partie du patrimoine culturel qui compose l\u2019ensemble de l\u2019Alhambra.<\/p>\n<p>[\/et_pb_text][\/et_pb_column][\/et_pb_row][\/et_pb_section]<\/p>\n","protected":false},"featured_media":0,"template":"","meta":{"_acf_changed":false,"_et_pb_use_builder":"on","_et_pb_old_content":"","_et_gb_content_width":""},"class_list":["post-18235","producto","type-producto","status-publish","hentry"],"acf":[],"yoast_head":"<!-- This site is optimized with the Yoast SEO plugin v27.5 - https:\/\/yoast.com\/product\/yoast-seo-wordpress\/ -->\n<title>Entrada Alhambra General | Alhambra Tickets, Compra de Entradas Oficiales del Patronato de la Alhambra&quot;<\/title>\n<meta name=\"description\" content=\"Compra tu entrada &quot;Alhambra General&quot; y podr\u00e1s acceder a todos los espacios del monumento: Alcazaba, Palacios Nazar\u00edes, Generalife, Palacio de Carlos V y Ba\u00f1os\" \/>\n<meta name=\"robots\" content=\"noindex, follow, max-snippet:-1, max-image-preview:large, max-video-preview:-1\" \/>\n<meta property=\"og:locale\" content=\"fr_FR\" \/>\n<meta property=\"og:type\" content=\"article\" \/>\n<meta property=\"og:title\" content=\"Entrada Alhambra General | Alhambra Tickets, Compra de Entradas Oficiales del Patronato de la Alhambra&quot;\" \/>\n<meta property=\"og:description\" content=\"Compra tu entrada &quot;Alhambra General&quot; y podr\u00e1s acceder a todos los espacios del monumento: Alcazaba, Palacios Nazar\u00edes, Generalife, Palacio de Carlos V y Ba\u00f1os\" \/>\n<meta property=\"og:url\" content=\"https:\/\/alhambra-entradas.demo.iacpospre.com\/producto\/invitacion-dia-de-la-toma-de-granada\/\" \/>\n<meta property=\"og:site_name\" content=\"Tickets Alhambra Patronato\" \/>\n<meta property=\"article:modified_time\" content=\"2023-12-26T13:18:49+00:00\" \/>\n<meta name=\"twitter:card\" content=\"summary_large_image\" \/>\n<meta name=\"twitter:label1\" content=\"Dur\u00e9e de lecture estim\u00e9e\" \/>\n\t<meta name=\"twitter:data1\" content=\"6 minutes\" \/>\n<script type=\"application\/ld+json\" class=\"yoast-schema-graph\">{\"@context\":\"https:\\\/\\\/schema.org\",\"@graph\":[{\"@type\":\"WebPage\",\"@id\":\"https:\\\/\\\/alhambra-entradas.demo.iacpospre.com\\\/producto\\\/invitacion-dia-de-la-toma-de-granada\\\/\",\"url\":\"https:\\\/\\\/alhambra-entradas.demo.iacpospre.com\\\/producto\\\/invitacion-dia-de-la-toma-de-granada\\\/\",\"name\":\"Entrada Alhambra General | Alhambra Tickets, Compra de Entradas Oficiales del Patronato de la Alhambra\\\"\",\"isPartOf\":{\"@id\":\"https:\\\/\\\/alhambra-entradas.demo.iacpospre.com\\\/#website\"},\"datePublished\":\"2023-11-24T12:42:23+00:00\",\"dateModified\":\"2023-12-26T13:18:49+00:00\",\"description\":\"Compra tu entrada \\\"Alhambra General\\\" y podr\u00e1s acceder a todos los espacios del monumento: Alcazaba, Palacios Nazar\u00edes, Generalife, Palacio de Carlos V y Ba\u00f1os\",\"breadcrumb\":{\"@id\":\"https:\\\/\\\/alhambra-entradas.demo.iacpospre.com\\\/producto\\\/invitacion-dia-de-la-toma-de-granada\\\/#breadcrumb\"},\"inLanguage\":\"fr-FR\",\"potentialAction\":[{\"@type\":\"ReadAction\",\"target\":[\"https:\\\/\\\/alhambra-entradas.demo.iacpospre.com\\\/producto\\\/invitacion-dia-de-la-toma-de-granada\\\/\"]}]},{\"@type\":\"BreadcrumbList\",\"@id\":\"https:\\\/\\\/alhambra-entradas.demo.iacpospre.com\\\/producto\\\/invitacion-dia-de-la-toma-de-granada\\\/#breadcrumb\",\"itemListElement\":[{\"@type\":\"ListItem\",\"position\":1,\"name\":\"Portada\",\"item\":\"https:\\\/\\\/alhambra-entradas.demo.iacpospre.com\\\/fr\\\/\"},{\"@type\":\"ListItem\",\"position\":2,\"name\":\"Invitaci\u00f3n D\u00eda de la toma de Granada\"}]},{\"@type\":\"WebSite\",\"@id\":\"https:\\\/\\\/alhambra-entradas.demo.iacpospre.com\\\/#website\",\"url\":\"https:\\\/\\\/alhambra-entradas.demo.iacpospre.com\\\/\",\"name\":\"Tickets Alhambra Patronato\",\"description\":\"Compra de entradas Alhambra y Generalife\",\"potentialAction\":[{\"@type\":\"SearchAction\",\"target\":{\"@type\":\"EntryPoint\",\"urlTemplate\":\"https:\\\/\\\/alhambra-entradas.demo.iacpospre.com\\\/?s={search_term_string}\"},\"query-input\":{\"@type\":\"PropertyValueSpecification\",\"valueRequired\":true,\"valueName\":\"search_term_string\"}}],\"inLanguage\":\"fr-FR\"}]}<\/script>\n<!-- \/ Yoast SEO plugin. -->","yoast_head_json":{"title":"Entrada Alhambra General | Alhambra Tickets, Compra de Entradas Oficiales del Patronato de la Alhambra\"","description":"Compra tu entrada \"Alhambra General\" y podr\u00e1s acceder a todos los espacios del monumento: Alcazaba, Palacios Nazar\u00edes, Generalife, Palacio de Carlos V y Ba\u00f1os","robots":{"index":"noindex","follow":"follow","max-snippet":"max-snippet:-1","max-image-preview":"max-image-preview:large","max-video-preview":"max-video-preview:-1"},"og_locale":"fr_FR","og_type":"article","og_title":"Entrada Alhambra General | Alhambra Tickets, Compra de Entradas Oficiales del Patronato de la Alhambra\"","og_description":"Compra tu entrada \"Alhambra General\" y podr\u00e1s acceder a todos los espacios del monumento: Alcazaba, Palacios Nazar\u00edes, Generalife, Palacio de Carlos V y Ba\u00f1os","og_url":"https:\/\/alhambra-entradas.demo.iacpospre.com\/producto\/invitacion-dia-de-la-toma-de-granada\/","og_site_name":"Tickets Alhambra Patronato","article_modified_time":"2023-12-26T13:18:49+00:00","twitter_card":"summary_large_image","twitter_misc":{"Dur\u00e9e de lecture estim\u00e9e":"6 minutes"},"schema":{"@context":"https:\/\/schema.org","@graph":[{"@type":"WebPage","@id":"https:\/\/alhambra-entradas.demo.iacpospre.com\/producto\/invitacion-dia-de-la-toma-de-granada\/","url":"https:\/\/alhambra-entradas.demo.iacpospre.com\/producto\/invitacion-dia-de-la-toma-de-granada\/","name":"Entrada Alhambra General | Alhambra Tickets, Compra de Entradas Oficiales del Patronato de la Alhambra\"","isPartOf":{"@id":"https:\/\/alhambra-entradas.demo.iacpospre.com\/#website"},"datePublished":"2023-11-24T12:42:23+00:00","dateModified":"2023-12-26T13:18:49+00:00","description":"Compra tu entrada \"Alhambra General\" y podr\u00e1s acceder a todos los espacios del monumento: Alcazaba, Palacios Nazar\u00edes, Generalife, Palacio de Carlos V y Ba\u00f1os","breadcrumb":{"@id":"https:\/\/alhambra-entradas.demo.iacpospre.com\/producto\/invitacion-dia-de-la-toma-de-granada\/#breadcrumb"},"inLanguage":"fr-FR","potentialAction":[{"@type":"ReadAction","target":["https:\/\/alhambra-entradas.demo.iacpospre.com\/producto\/invitacion-dia-de-la-toma-de-granada\/"]}]},{"@type":"BreadcrumbList","@id":"https:\/\/alhambra-entradas.demo.iacpospre.com\/producto\/invitacion-dia-de-la-toma-de-granada\/#breadcrumb","itemListElement":[{"@type":"ListItem","position":1,"name":"Portada","item":"https:\/\/alhambra-entradas.demo.iacpospre.com\/fr\/"},{"@type":"ListItem","position":2,"name":"Invitaci\u00f3n D\u00eda de la toma de Granada"}]},{"@type":"WebSite","@id":"https:\/\/alhambra-entradas.demo.iacpospre.com\/#website","url":"https:\/\/alhambra-entradas.demo.iacpospre.com\/","name":"Tickets Alhambra Patronato","description":"Compra de entradas Alhambra y Generalife","potentialAction":[{"@type":"SearchAction","target":{"@type":"EntryPoint","urlTemplate":"https:\/\/alhambra-entradas.demo.iacpospre.com\/?s={search_term_string}"},"query-input":{"@type":"PropertyValueSpecification","valueRequired":true,"valueName":"search_term_string"}}],"inLanguage":"fr-FR"}]}},"_links":{"self":[{"href":"https:\/\/alhambra-entradas.demo.iacpospre.com\/fr\/wp-json\/wp\/v2\/producto\/18235","targetHints":{"allow":["GET"]}}],"collection":[{"href":"https:\/\/alhambra-entradas.demo.iacpospre.com\/fr\/wp-json\/wp\/v2\/producto"}],"about":[{"href":"https:\/\/alhambra-entradas.demo.iacpospre.com\/fr\/wp-json\/wp\/v2\/types\/producto"}],"wp:attachment":[{"href":"https:\/\/alhambra-entradas.demo.iacpospre.com\/fr\/wp-json\/wp\/v2\/media?parent=18235"}],"curies":[{"name":"wp","href":"https:\/\/api.w.org\/{rel}","templated":true}]}}