{"id":6540,"date":"2021-11-03T13:09:29","date_gmt":"2021-11-03T12:09:29","guid":{"rendered":"https:\/\/alhambra-entradas.demo.iacpospre.com\/home-italiano\/"},"modified":"2026-04-10T12:27:28","modified_gmt":"2026-04-10T10:27:28","slug":"home-italiano","status":"publish","type":"page","link":"https:\/\/alhambra-entradas.demo.iacpospre.com\/it\/","title":{"rendered":"Home-italiano"},"content":{"rendered":"<p>[et_pb_section fb_built=&#8221;1&#8243; fullwidth=&#8221;on&#8221; _builder_version=&#8221;4.16&#8243; _module_preset=&#8221;default&#8221; display_conditions=&#8221;bnVsbA==&#8221; global_colors_info=&#8221;{}&#8221;][et_pb_fullwidth_slider _builder_version=&#8221;4.19.0&#8243; _module_preset=&#8221;default&#8221; background_video_mp4=&#8221;https:\/\/alhambra-entradas.demo.iacpospre.com\/wp-content\/uploads\/2022\/11\/Alhambra_timelapse_2.mp4&#8243; display_conditions=&#8221;bnVsbA==&#8221; global_colors_info=&#8221;{}&#8221;][et_pb_slide use_bg_overlay=&#8221;off&#8221; use_text_overlay=&#8221;off&#8221; _builder_version=&#8221;4.19.0&#8243; _module_preset=&#8221;default&#8221; background_enable_color=&#8221;off&#8221; background_video_mp4=&#8221;https:\/\/alhambra-entradas.demo.iacpospre.com\/wp-content\/uploads\/2022\/11\/Alhambra_timelapse_2.mp4&#8243; background_enable_video_mp4=&#8221;on&#8221; background_video_pause_outside_viewport=&#8221;off&#8221; display_conditions=&#8221;bnVsbA==&#8221; global_colors_info=&#8221;{}&#8221; sticky_transition=&#8221;on&#8221;][\/et_pb_slide][\/et_pb_fullwidth_slider][\/et_pb_section][et_pb_section fb_built=&#8221;1&#8243; _builder_version=&#8221;4.20.2&#8243; _module_preset=&#8221;default&#8221; background_enable_color=&#8221;off&#8221; display_conditions=&#8221;bnVsbA==&#8221; custom_margin=&#8221;30px||30px||true|false&#8221; custom_padding=&#8221;||20px||false|false&#8221; global_colors_info=&#8221;{}&#8221;][et_pb_row _builder_version=&#8221;4.16&#8243; _module_preset=&#8221;default&#8221; background_color=&#8221;#f4f0ec&#8221; display_conditions=&#8221;bnVsbA==&#8221; custom_padding=&#8221;20px|20px|20px|20px|true|true&#8221; border_width_all=&#8221;1px&#8221; global_colors_info=&#8221;{}&#8221;][et_pb_column type=&#8221;4_4&#8243; _builder_version=&#8221;4.16&#8243; _module_preset=&#8221;default&#8221; display_conditions=&#8221;bnVsbA==&#8221; global_colors_info=&#8221;{}&#8221;][et_pb_text _builder_version=&#8221;4.16.0&#8243; _module_preset=&#8221;default&#8221; text_font=&#8221;Rubik|||on|||||&#8221; text_text_color=&#8221;#39424a&#8221; text_font_size=&#8221;30px&#8221; text_orientation=&#8221;center&#8221; display_conditions=&#8221;bnVsbA==&#8221; custom_margin=&#8221;|||-45px|false|false&#8221; custom_margin_tablet=&#8221;|||-45px|false|false&#8221; custom_margin_phone=&#8221;|||-45px|false|false&#8221; custom_margin_last_edited=&#8221;on|phone&#8221; text_font_size_tablet=&#8221;28px&#8221; text_font_size_phone=&#8221;24px&#8221; text_font_size_last_edited=&#8221;on|phone&#8221; global_colors_info=&#8221;{}&#8221;]<\/p>\n<p style=\"text-align: center;\">Importante<\/p>\n<p>[\/et_pb_text][et_pb_text _builder_version=&#8221;4.27.6&#8243; _module_preset=&#8221;default&#8221; text_font=&#8221;Rubik|300|||||||&#8221; text_text_color=&#8221;#39424a&#8221; text_font_size=&#8221;15px&#8221; display_conditions=&#8221;bnVsbA==&#8221; custom_margin=&#8221;||0px|||&#8221; custom_padding=&#8221;|20px||20px|false|true&#8221; global_colors_info=&#8221;{}&#8221;]<\/p>\n<ol>\n<li style=\"text-align: justify;\">Per accedere al complesso monumentale \u00e8 obbligatorio <span style=\"color: #ff0000;\">carta di identit\u00e0 o passaporto originali <\/span>agli ingressi.<\/li>\n<li style=\"text-align: justify;\"><span style=\"color: #ff0000;\">Puntualit\u00e0 <\/span> al momento dell&#8217;accesso <span style=\"color: #ff0000;\">ai Palazzi Nasridi.<\/span><\/li>\n<li style=\"text-align: justify;\"><span style=\"color: #ff0000;\"> Portare con s\u00e9<\/span> il biglietto con <span style=\"color: #ff0000;\">QR code in formato cartaceo o digitale <\/span> (anche per i minori di 12 anni).<\/li>\n<li>I<span style=\"color: #ff0000;\"> bambini sotto i 12 anni<\/span>\u00a0devono portare il proprio biglietto (gratuito).<\/li>\n<\/ol>\n<p>[\/et_pb_text][et_pb_toggle title=&#8221;Clicca qui per maggiori informazioni&#8221; open_toggle_text_color=&#8221;#000000&#8243; open_toggle_background_color=&#8221;#f4f0ec&#8221; closed_toggle_text_color=&#8221;#000000&#8243; closed_toggle_background_color=&#8221;#f4f0ec&#8221; icon_color=&#8221;RGBA(0,0,0,0)&#8221; open_icon_color=&#8221;RGBA(0,0,0,0)&#8221; open_use_icon_font_size=&#8221;on&#8221; _builder_version=&#8221;4.27.6&#8243; _module_preset=&#8221;default&#8221; title_text_color=&#8221;#000000&#8243; title_level=&#8221;h2&#8243; title_font=&#8221;Rubik|||on|||||&#8221; title_text_align=&#8221;center&#8221; title_font_size=&#8221;18px&#8221; body_font=&#8221;Rubik|300|||||||&#8221; body_text_align=&#8221;justify&#8221; display_conditions=&#8221;bnVsbA==&#8221; custom_padding=&#8221;||||false|false&#8221; border_width_all=&#8221;0px&#8221; global_colors_info=&#8221;{}&#8221;]<\/p>\n<p style=\"text-align: justify;\">5. I luoghi delimitati del monumento: i Palazzi Nasridi, il Palazzo del Generalife e l\u2019Alcazaba saranno visitati una sola volta.<\/p>\n<p><\/p>\n<p style=\"text-align: justify;\">6. Nel caso in cui il tuo biglietto comprenda la visita ai Palazzi Nasridi, l\u2019acquisto o il ritiro dei biglietti presso le biglietterie del monumento deve essere effettuato almeno un\u2019ora prima dell\u2019orario assegnato per la visita ai Palazzi Nasridi.<\/p>\n<p><\/p>\n<p style=\"text-align: justify;\">7. Non \u00e8 consentito l\u2019ingresso con zaini di dimensioni superiori a 40 x 40 cm.<\/p>\n<p><\/p>\n<p style=\"text-align: justify;\">8. Non \u00e8 consentito entrare nei Palazzi Nasridi, nel Palazzo del Generalife e nell\u2019Alcazaba con i passeggini. Questo sar\u00e0 depositato nell\u2019armadietto previsto a tale scopo.<\/p>\n<p><\/p>\n<p style=\"text-align: justify;\">9. Non \u00e8 consentito utilizzare selfie stick e\/o flash nei Palazzi Nasridi e\/o in spazi chiusi.<\/p>\n<p><\/p>\n<p style=\"text-align: justify;\">10. Non \u00e8 consentito l\u2019uso di un treppiede.<\/p>\n<p><\/p>\n<p style=\"text-align: justify;\">11. Le riprese ei reportage fotografici richiedono la preventiva autorizzazione del PAG.<\/p>\n<p><\/p>\n<p style=\"text-align: justify;\">12. L\u2019accesso non \u00e8 consentito accompagnati da animali, ad eccezione di cani guida, animali da terapia o assistenza sociale. In ogni caso gli animali devono essere identificati secondo le normative vigenti.<\/p>\n<p><\/p>\n<p style=\"text-align: justify;\">13. Salvo nei luoghi autorizzati, \u00e8 vietato fumare in tutto il complesso monumentale.<\/p>\n<p><\/p>\n<p style=\"text-align: justify;\">14.  \u00c8 consentito mangiare e bere solo nei luoghi preposti, al di fuori del percorso di visita.<\/p>\n<p><\/p>\n<p style=\"text-align: justify;\">15. Negli accessi e nei diversi spazi del recinto devono essere rispettate le indicazioni del personale di Controllo e Informazione, nonch\u00e9 del personale di Sicurezza.<\/p>\n<p><\/p>\n<p style=\"text-align: justify;\">16. Tutti i visitatori devono comportarsi correttamente durante la visita, rispettando gli spazi che visitano ed evitando, per quanto possibile, di arrecare disturbo al resto del pubblico.<\/p>\n<p><\/p>\n<p style=\"text-align: justify;\">17. Tutte le altre contemplate nei regolamenti di questo complesso monumentale. https:\/\/www.alhambra-patronato.es\/patronato\/normativa.<\/p>\n<p><\/p>\n<p style=\"text-align: justify;\">18. Si consiglia d\u2019indossare scarpe comode, preferibilmente piatte e chiuse, per evitare cadute, scivolamenti o inciampi, alcune delle zone visitabili hanno una superficie irregolare, come sampietrini, gradini di diverse altezze e pavimenti di terra.<\/p>\n<p><\/p>\n<ul><\/ul>\n<p>[\/et_pb_toggle][\/et_pb_column][\/et_pb_row][\/et_pb_section][et_pb_section fb_built=&#8221;1&#8243; disabled_on=&#8221;on|on|on&#8221; _builder_version=&#8221;4.27.6&#8243; _module_preset=&#8221;default&#8221; custom_margin=&#8221;10px||10px||true|false&#8221; custom_padding=&#8221;||||false|false&#8221; hover_enabled=&#8221;0&#8243; global_colors_info=&#8221;{}&#8221; disabled=&#8221;on&#8221; sticky_enabled=&#8221;0&#8243;][et_pb_row _builder_version=&#8221;4.20.2&#8243; _module_preset=&#8221;default&#8221; global_colors_info=&#8221;{}&#8221;][et_pb_column type=&#8221;4_4&#8243; _builder_version=&#8221;4.20.2&#8243; _module_preset=&#8221;default&#8221; global_colors_info=&#8221;{}&#8221;][et_pb_text _builder_version=&#8221;4.27.6&#8243; _module_preset=&#8221;default&#8221; text_font=&#8221;Rubik|800|||||||&#8221; text_font_size=&#8221;18px&#8221; text_orientation=&#8221;center&#8221; global_colors_info=&#8221;{}&#8221;]<\/p>\n<h1 style=\"text-align: center;\"><span style=\"color: #ff0000;\"> 4 APRILE<\/span><\/h1>\n<p><\/p>\n<h1 style=\"text-align: center;\"><span style=\"color: #ff0000;\">PROCESSIONE DI SANTA MAR\u00cdA DE LA ALHAMBRA \u2013 RITORNO AL SUO TEMPIO<\/span><\/h1>\n<p>[\/et_pb_text][et_pb_divider color=&#8221;#E02B20&#8243; divider_weight=&#8221;2px&#8221; _builder_version=&#8221;4.20.2&#8243; _module_preset=&#8221;default&#8221; module_alignment=&#8221;center&#8221; global_colors_info=&#8221;{}&#8221;][\/et_pb_divider][\/et_pb_column][\/et_pb_row][et_pb_row _builder_version=&#8221;4.23.4&#8243; _module_preset=&#8221;default&#8221; custom_padding=&#8221;10px|10px|10px|10px|true|true&#8221; global_colors_info=&#8221;{}&#8221;][et_pb_column type=&#8221;4_4&#8243; _builder_version=&#8221;4.20.2&#8243; _module_preset=&#8221;default&#8221; global_colors_info=&#8221;{}&#8221;][et_pb_text _builder_version=&#8221;4.27.6&#8243; _module_preset=&#8221;default&#8221; text_font=&#8221;Rubik|500|||||||&#8221; text_text_color=&#8221;#0a0a0a&#8221; text_line_height=&#8221;1.8em&#8221; text_orientation=&#8221;justified&#8221; custom_padding=&#8221;10px|10px|10px|10px|true|true&#8221; global_colors_info=&#8221;{}&#8221;]<\/p>\n<p>Il giorno 4 aprile 2026, si celebrer\u00e0 il ritorno al suo tempio del Passo processionale della Confraternita di Santa Mar\u00eda de la Alhambra, per questo motivo si informa quanto segue:<\/p>\n<p><\/p>\n<p>&#8211; Chiusura dell\u2019Alcazaba e della Porta della Giustizia.<\/p>\n<p><\/p>\n<p>&#8211; Per facilitare la visita pubblica al Monumento, a partire dalle 18 si raccomanda di accedere ai Palazzi Nazar\u00edes tramite l\u2019Atrio.<\/p>\n<p><\/p>\n<p>&#8211; Circa dalle 19 la Porta della Giustizia rimarr\u00e0 chiusa, e l\u2019uscita della visita pubblica al di fuori del Monumento sar\u00e0 attraverso la Porta dei Carri.<\/p>\n<p><\/p>\n<p style=\"text-align: center;\">Ci scusiamo per il disagio.<\/p>\n<p>[\/et_pb_text][\/et_pb_column][\/et_pb_row][\/et_pb_section][et_pb_section fb_built=&#8221;1&#8243; disabled_on=&#8221;off|off|off&#8221; _builder_version=&#8221;4.27.6&#8243; _module_preset=&#8221;default&#8221; custom_margin=&#8221;10px||10px||true|false&#8221; custom_padding=&#8221;||||false|false&#8221; global_colors_info=&#8221;{}&#8221;][et_pb_row _builder_version=&#8221;4.20.2&#8243; _module_preset=&#8221;default&#8221; global_colors_info=&#8221;{}&#8221;][et_pb_column type=&#8221;4_4&#8243; _builder_version=&#8221;4.20.2&#8243; _module_preset=&#8221;default&#8221; global_colors_info=&#8221;{}&#8221;][et_pb_text _builder_version=&#8221;4.27.6&#8243; _module_preset=&#8221;default&#8221; text_font=&#8221;Rubik|800|||||||&#8221; text_font_size=&#8221;18px&#8221; text_orientation=&#8221;center&#8221; global_colors_info=&#8221;{}&#8221;]<\/p>\n<h1 style=\"text-align: center;\"><span style=\"color: #ff0000;\">Chiusura parziale del Patio del Cuarto Dorado nei Palazzi Nazar\u00ed<\/span><\/h1>\n<p>[\/et_pb_text][et_pb_divider color=&#8221;#E02B20&#8243; divider_weight=&#8221;2px&#8221; _builder_version=&#8221;4.20.2&#8243; _module_preset=&#8221;default&#8221; module_alignment=&#8221;center&#8221; global_colors_info=&#8221;{}&#8221;][\/et_pb_divider][\/et_pb_column][\/et_pb_row][et_pb_row _builder_version=&#8221;4.23.4&#8243; _module_preset=&#8221;default&#8221; custom_padding=&#8221;10px|10px|10px|10px|true|true&#8221; global_colors_info=&#8221;{}&#8221;][et_pb_column type=&#8221;4_4&#8243; _builder_version=&#8221;4.20.2&#8243; _module_preset=&#8221;default&#8221; global_colors_info=&#8221;{}&#8221;][et_pb_text _builder_version=&#8221;4.27.6&#8243; _module_preset=&#8221;default&#8221; text_font=&#8221;Rubik|500|||||||&#8221; text_text_color=&#8221;#0a0a0a&#8221; text_line_height=&#8221;1.8em&#8221; text_orientation=&#8221;justified&#8221; custom_padding=&#8221;10px|10px|10px|10px|true|true&#8221; global_colors_info=&#8221;{}&#8221;]A causa dei lavori di restauro del tetto, il Patio del Cuarto Dorado sar\u00e0 protetto da una protezione continua che nasconder\u00e0 la facciata d\u2019ingresso al Palazzo di Comares.[\/et_pb_text][\/et_pb_column][\/et_pb_row][\/et_pb_section][et_pb_section fb_built=&#8221;1&#8243; disabled_on=&#8221;on|on|on&#8221; _builder_version=&#8221;4.24.2&#8243; _module_preset=&#8221;default&#8221; custom_margin=&#8221;10px||10px||true|false&#8221; custom_padding=&#8221;||||false|false&#8221; disabled=&#8221;on&#8221; global_colors_info=&#8221;{}&#8221;][et_pb_row _builder_version=&#8221;4.20.2&#8243; _module_preset=&#8221;default&#8221; global_colors_info=&#8221;{}&#8221;][et_pb_column type=&#8221;4_4&#8243; _builder_version=&#8221;4.20.2&#8243; _module_preset=&#8221;default&#8221; global_colors_info=&#8221;{}&#8221;][et_pb_text _builder_version=&#8221;4.23.4&#8243; _module_preset=&#8221;default&#8221; text_font=&#8221;Rubik|800|||||||&#8221; text_font_size=&#8221;18px&#8221; text_orientation=&#8221;center&#8221; global_colors_info=&#8221;{}&#8221;]<\/p>\n<h1 style=\"text-align: center;\"><span style=\"color: #ff0000;\"> RACCOMANDAZIONI PER LE BASSE TEMPERATURE <\/span><\/h1>\n<p>[\/et_pb_text][et_pb_divider color=&#8221;#E02B20&#8243; divider_weight=&#8221;2px&#8221; _builder_version=&#8221;4.20.2&#8243; _module_preset=&#8221;default&#8221; module_alignment=&#8221;center&#8221; global_colors_info=&#8221;{}&#8221;][\/et_pb_divider][\/et_pb_column][\/et_pb_row][et_pb_row _builder_version=&#8221;4.23.4&#8243; _module_preset=&#8221;default&#8221; custom_padding=&#8221;10px|10px|10px|10px|true|true&#8221; global_colors_info=&#8221;{}&#8221;][et_pb_column type=&#8221;4_4&#8243; _builder_version=&#8221;4.20.2&#8243; _module_preset=&#8221;default&#8221; global_colors_info=&#8221;{}&#8221;][et_pb_text _builder_version=&#8221;4.23.4&#8243; _module_preset=&#8221;default&#8221; text_font=&#8221;Rubik|500|||||||&#8221; text_text_color=&#8221;#0a0a0a&#8221; text_line_height=&#8221;1.8em&#8221; text_orientation=&#8221;justified&#8221; custom_padding=&#8221;10px|10px|10px|10px|true|true&#8221; global_colors_info=&#8221;{}&#8221;]<\/p>\n<ol>\n<li>All&#8217;esterno, <strong>respira attraverso il naso e non con la bocca, <\/strong> poich\u00e9 l&#8217;aria si riscalda mentre passa attraverso le narici e diminuisce cos\u00ec il freddo che raggiunge i polmoni. <\/li>\n<li>Estrema<b> cautela in caso di ghiaccio <\/b>in tutto il complesso monumentale. <\/li>\n<li>Indossare<strong> calzature antiscivolo. <\/strong><\/li>\n<li><b>Diversi strati di indumenti sottili  <\/b>proteggono pi\u00f9 di uno spesso, formando camere d&#8217;aria isolanti tra di loro.<\/li>\n<li>Tieniti sempre ben informato sulle  <strong>previsioni del tempo.<\/strong><\/li>\n<li>Presta <b>maggiore attenzione  <\/b>alle <b>persone che sono vulnerabili<\/b> al freddo.<\/li>\n<li>In caso di<b> vento<\/b>, si consiglia di stare lontani da cornicioni, muri e alberi.<\/b><\/li>\n<\/ol>\n<p>[\/et_pb_text][\/et_pb_column][\/et_pb_row][\/et_pb_section][et_pb_section fb_built=&#8221;1&#8243; disabled_on=&#8221;on|on|on&#8221; _builder_version=&#8221;4.27.6&#8243; _module_preset=&#8221;default&#8221; custom_margin=&#8221;10px||10px||true|false&#8221; custom_padding=&#8221;||||false|false&#8221; disabled=&#8221;on&#8221; global_colors_info=&#8221;{}&#8221;][et_pb_row _builder_version=&#8221;4.20.2&#8243; _module_preset=&#8221;default&#8221; custom_padding=&#8221;||0px|||&#8221; global_colors_info=&#8221;{}&#8221;][et_pb_column type=&#8221;4_4&#8243; _builder_version=&#8221;4.20.2&#8243; _module_preset=&#8221;default&#8221; global_colors_info=&#8221;{}&#8221;][et_pb_text _builder_version=&#8221;4.23.4&#8243; _module_preset=&#8221;default&#8221; text_font=&#8221;Rubik|800|||||||&#8221; text_font_size=&#8221;18px&#8221; text_orientation=&#8221;center&#8221; custom_margin=&#8221;||0px|||&#8221; global_colors_info=&#8221;{}&#8221;]<\/p>\n<h1 style=\"text-align: center;\"><span style=\"color: #ff0000;\"> RACCOMANDAZIONI PER LE ALTE TEMPERATURE<\/span><\/h1>\n<p>[\/et_pb_text][et_pb_divider color=&#8221;#E02B20&#8243; divider_weight=&#8221;2px&#8221; _builder_version=&#8221;4.20.2&#8243; _module_preset=&#8221;default&#8221; module_alignment=&#8221;center&#8221; global_colors_info=&#8221;{}&#8221;][\/et_pb_divider][\/et_pb_column][\/et_pb_row][et_pb_row column_structure=&#8221;1_4,3_4&#8243; _builder_version=&#8221;4.20.2&#8243; _module_preset=&#8221;default&#8221; custom_padding=&#8221;10px|10px|10px|10px|true|true&#8221; global_colors_info=&#8221;{}&#8221;][et_pb_column type=&#8221;1_4&#8243; _builder_version=&#8221;4.20.2&#8243; _module_preset=&#8221;default&#8221; global_colors_info=&#8221;{}&#8221;][et_pb_icon font_icon=&#8221;&#x73;||divi||400&#8243; icon_color=&#8221;#E02B20&#8243; _builder_version=&#8221;4.25.2&#8243; _module_preset=&#8221;default&#8221; custom_margin=&#8221;30px||||false|false&#8221; custom_padding=&#8221;||||false|false&#8221; global_colors_info=&#8221;{}&#8221;][\/et_pb_icon][\/et_pb_column][et_pb_column type=&#8221;3_4&#8243; _builder_version=&#8221;4.20.2&#8243; _module_preset=&#8221;default&#8221; global_colors_info=&#8221;{}&#8221;][et_pb_text _builder_version=&#8221;4.25.2&#8243; _module_preset=&#8221;default&#8221; text_font=&#8221;Rubik|600|||||||&#8221; text_orientation=&#8221;justified&#8221; custom_padding=&#8221;10px|10px|10px|10px|true|true&#8221; global_colors_info=&#8221;{}&#8221;]<\/p>\n<p><span style=\"color: #ff0000;\">1. Cerca di bere abbastanza acqua.<\/span> Oltre alle bottigliette d\u2019acqua che potete portare con voi, vi informiamo che all\u2019interno delle aree che visiterete, ci sono fontane di acqua potabile debitamente indicate.<\/p>\n<p><\/p>\n<p><span style=\"color: #ff0000;\">2. Evitare lunghe esposizioni al sole.<\/span> Proteggiti con crema solare protettiva, berretto o simili. Riparati tra le zone d\u2019ombre offerte dalla vegetazione all interno del area monumentale.<\/p>\n<p><\/p>\n<p><span style=\"color: #ff0000;\">3. Organizza gli orari della tua visita.<\/span> Goditi gli spazi evitando le ore centrali della giornata, <strong><span style=\"color: #000000;\">ad eccezione dei Palazzi Nasridi in cui,<\/span> <\/strong> come sai, devi rispettare l\u2019orario che ti \u00e8 stato assegnato al tuo ingresso.<\/p>\n<p>[\/et_pb_text][\/et_pb_column][\/et_pb_row][\/et_pb_section][et_pb_section fb_built=&#8221;1&#8243; disabled_on=&#8221;on|on|on&#8221; _builder_version=&#8221;4.23.1&#8243; _module_preset=&#8221;default&#8221; custom_margin=&#8221;10px||10px||true|false&#8221; custom_padding=&#8221;||||false|false&#8221; disabled=&#8221;on&#8221; global_colors_info=&#8221;{}&#8221;][et_pb_row _builder_version=&#8221;4.20.2&#8243; _module_preset=&#8221;default&#8221; global_colors_info=&#8221;{}&#8221;][et_pb_column type=&#8221;4_4&#8243; _builder_version=&#8221;4.20.2&#8243; _module_preset=&#8221;default&#8221; global_colors_info=&#8221;{}&#8221;][et_pb_text _builder_version=&#8221;4.22.1&#8243; _module_preset=&#8221;default&#8221; text_font=&#8221;Rubik|800|||||||&#8221; text_font_size=&#8221;18px&#8221; header_text_color=&#8221;#0a0a0a&#8221; text_orientation=&#8221;center&#8221; global_colors_info=&#8221;{}&#8221;]<\/p>\n<h1 style=\"text-align: center;\"><span style=\"color: #fffff;\"> HOMENAJE A LAS V\u00cdCTIMAS DEL TERREMOTO DE MARRUECOS<\/span><\/h1>\n<p>[\/et_pb_text][et_pb_divider color=&#8221;#8C6536&#8243; divider_weight=&#8221;2px&#8221; _builder_version=&#8221;4.22.1&#8243; _module_preset=&#8221;default&#8221; module_alignment=&#8221;center&#8221; global_colors_info=&#8221;{}&#8221;][\/et_pb_divider][\/et_pb_column][\/et_pb_row][et_pb_row _builder_version=&#8221;4.20.2&#8243; _module_preset=&#8221;default&#8221; custom_padding=&#8221;10px|10px|10px|10px|true|true&#8221; global_colors_info=&#8221;{}&#8221;][et_pb_column type=&#8221;4_4&#8243; _builder_version=&#8221;4.20.2&#8243; _module_preset=&#8221;default&#8221; global_colors_info=&#8221;{}&#8221;][et_pb_text _builder_version=&#8221;4.22.1&#8243; _module_preset=&#8221;default&#8221; text_font=&#8221;Rubik|600|||||||&#8221; header_3_line_height=&#8221;1.3em&#8221; text_orientation=&#8221;center&#8221; custom_padding=&#8221;10px|10px|10px|10px|true|true&#8221; global_colors_info=&#8221;{}&#8221;]<\/p>\n<h3>El Patronato de la Alhambra y Generalife guardar\u00e1 el d\u00eda 12 de septiembre,<br \/>\na las 12:00 horas, un minuto de silencio en homenaje a las v\u00edctimas del terremoto de Marruecos.<\/h3>\n<p>[\/et_pb_text][\/et_pb_column][\/et_pb_row][\/et_pb_section][et_pb_section fb_built=&#8221;1&#8243; disabled_on=&#8221;on|on|on&#8221; _builder_version=&#8221;4.24.3&#8243; _module_preset=&#8221;default&#8221; custom_margin=&#8221;10px||10px||true|false&#8221; custom_padding=&#8221;30px||30px||true|false&#8221; disabled=&#8221;on&#8221; global_colors_info=&#8221;{}&#8221;][et_pb_row _builder_version=&#8221;4.24.2&#8243; _module_preset=&#8221;default&#8221; custom_padding=&#8221;||6px|||&#8221; global_colors_info=&#8221;{}&#8221;][et_pb_column type=&#8221;4_4&#8243; _builder_version=&#8221;4.20.2&#8243; _module_preset=&#8221;default&#8221; global_colors_info=&#8221;{}&#8221;][et_pb_text _builder_version=&#8221;4.24.2&#8243; _module_preset=&#8221;default&#8221; text_font=&#8221;Rubik|800|||||||&#8221; text_font_size=&#8221;18px&#8221; header_text_color=&#8221;#0a0a0a&#8221; header_3_font=&#8221;Rubik|700|||||||&#8221; text_orientation=&#8221;center&#8221; custom_margin=&#8221;||10px||false|false&#8221; global_colors_info=&#8221;{}&#8221;]<\/p>\n<h3 style=\"text-align: center;\">SABATO 30 MARZO, PROCESSIONE DI SANTA MARIA DE LA ALHAMBRA<\/h3>\n<p>[\/et_pb_text][et_pb_divider color=&#8221;#8C6536&#8243; divider_weight=&#8221;2px&#8221; _builder_version=&#8221;4.24.2&#8243; _module_preset=&#8221;default&#8221; module_alignment=&#8221;center&#8221; global_colors_info=&#8221;{}&#8221;][\/et_pb_divider][\/et_pb_column][\/et_pb_row][et_pb_row _builder_version=&#8221;4.24.2&#8243; _module_preset=&#8221;default&#8221; custom_padding=&#8221;10px|10px|10px|10px|true|true&#8221; global_colors_info=&#8221;{}&#8221;][et_pb_column type=&#8221;4_4&#8243; _builder_version=&#8221;4.20.2&#8243; _module_preset=&#8221;default&#8221; global_colors_info=&#8221;{}&#8221;][et_pb_text _builder_version=&#8221;4.24.2&#8243; _module_preset=&#8221;default&#8221; text_font=&#8221;Rubik|600|||||||&#8221; text_font_size=&#8221;16px&#8221; header_3_line_height=&#8221;1.3em&#8221; text_orientation=&#8221;center&#8221; custom_padding=&#8221;10px|10px|10px|10px|true|true&#8221; text_font_size_tablet=&#8221;14px&#8221; text_font_size_phone=&#8221;12px&#8221; text_font_size_last_edited=&#8221;on|phone&#8221; global_colors_info=&#8221;{}&#8221;]<\/p>\n<p style=\"text-align: left;\">Sabato 30 marzo 2024, dalle ore 15:00 e fino al termine della visita diurna di quel giorno, per motivi organizzativi e di sicurezza:<\/p>\n<p><\/p>\n<ul style=\"text-align: left;\">\n<li>Chiusura dell&#8217;Alcazaba e della Puerta de la Justicia.<\/li>\n<li>L&#8217;accesso generale agli spazi del Monumento avverr\u00e0 attraverso il Padiglione di Accesso situato accanto a Plaza de la Alhambra e l&#8217;uscita attraverso la Cancela Rom\u00e1ntica.<\/li>\n<li>L&#8217;accesso al Partal, ai Palazzi Nasridi, al Palazzo di Carlos V e ai Musei avverr\u00e0 entrando da Callej\u00f3n del Guindo provenendo da Secano.<\/li>\n<\/ul>\n<p><\/p>\n<p style=\"text-align: left;\">Ci dispiace per l&#8217;inconvenienza.<\/p>\n<p>[\/et_pb_text][\/et_pb_column][\/et_pb_row][\/et_pb_section][et_pb_section fb_built=&#8221;1&#8243; disabled_on=&#8221;on|on|on&#8221; _builder_version=&#8221;4.23&#8243; _module_preset=&#8221;default&#8221; custom_margin=&#8221;10px||10px||true|false&#8221; custom_padding=&#8221;||||false|false&#8221; disabled=&#8221;on&#8221; global_colors_info=&#8221;{}&#8221;][et_pb_row _builder_version=&#8221;4.20.2&#8243; _module_preset=&#8221;default&#8221; global_colors_info=&#8221;{}&#8221;][et_pb_column type=&#8221;4_4&#8243; _builder_version=&#8221;4.20.2&#8243; _module_preset=&#8221;default&#8221; global_colors_info=&#8221;{}&#8221;][et_pb_text _builder_version=&#8221;4.22.2&#8243; _module_preset=&#8221;default&#8221; text_font=&#8221;Rubik|800|||||||&#8221; text_font_size=&#8221;22px&#8221; text_orientation=&#8221;center&#8221; text_font_size_tablet=&#8221;20px&#8221; text_font_size_phone=&#8221;18px&#8221; text_font_size_last_edited=&#8221;on|phone&#8221; global_colors_info=&#8221;{}&#8221;]<\/p>\n<p>AVVISO DI CHIUSURA<\/p>\n<p>[\/et_pb_text][et_pb_divider color=&#8221;#E02B20&#8243; divider_weight=&#8221;2px&#8221; _builder_version=&#8221;4.20.2&#8243; _module_preset=&#8221;default&#8221; module_alignment=&#8221;center&#8221; global_colors_info=&#8221;{}&#8221;][\/et_pb_divider][\/et_pb_column][\/et_pb_row][et_pb_row column_structure=&#8221;1_3,2_3&#8243; _builder_version=&#8221;4.20.2&#8243; _module_preset=&#8221;default&#8221; custom_padding=&#8221;10px|10px|10px|10px|true|true&#8221; global_colors_info=&#8221;{}&#8221;][et_pb_column type=&#8221;1_3&#8243; _builder_version=&#8221;4.20.2&#8243; _module_preset=&#8221;default&#8221; global_colors_info=&#8221;{}&#8221;][et_pb_icon font_icon=&#8221;&#x73;||divi||400&#8243; icon_color=&#8221;#E02B20&#8243; _builder_version=&#8221;4.22.2&#8243; _module_preset=&#8221;default&#8221; custom_margin=&#8221;5px||||false|false&#8221; custom_padding=&#8221;||||false|false&#8221; global_colors_info=&#8221;{}&#8221;][\/et_pb_icon][\/et_pb_column][et_pb_column type=&#8221;2_3&#8243; _builder_version=&#8221;4.20.2&#8243; _module_preset=&#8221;default&#8221; global_colors_info=&#8221;{}&#8221;][et_pb_text _builder_version=&#8221;4.22.2&#8243; _module_preset=&#8221;default&#8221; text_font=&#8221;Rubik|600|||||||&#8221; text_font_size=&#8221;18px&#8221; text_line_height=&#8221;1.8em&#8221; text_orientation=&#8221;justified&#8221; custom_padding=&#8221;10px|10px|10px|10px|true|true&#8221; text_font_size_tablet=&#8221;16px&#8221; text_font_size_phone=&#8221;14px&#8221; text_font_size_last_edited=&#8221;on|desktop&#8221; global_colors_info=&#8221;{}&#8221;]<\/p>\n<p>Il 4, 5 e 6 ottobre il Complesso Monumentale dell\u2019Alhambra e del Generalife rimarranno chiusi a causa della celebrazione del Summit Europeo della Presidenza Spagnola dell\u2019UE.<\/p>\n<p>[\/et_pb_text][\/et_pb_column][\/et_pb_row][\/et_pb_section][et_pb_section fb_built=&#8221;1&#8243; disabled_on=&#8221;on|on|on&#8221; _builder_version=&#8221;4.23.4&#8243; _module_preset=&#8221;default&#8221; custom_margin=&#8221;10px||10px||true|false&#8221; custom_padding=&#8221;1vw||1vw||true|false&#8221; disabled=&#8221;on&#8221; global_colors_info=&#8221;{}&#8221;][et_pb_row _builder_version=&#8221;4.20.2&#8243; _module_preset=&#8221;default&#8221; custom_padding=&#8221;10px|10px|10px|10px|true|true&#8221; global_colors_info=&#8221;{}&#8221;][et_pb_column type=&#8221;4_4&#8243; _builder_version=&#8221;4.20.2&#8243; _module_preset=&#8221;default&#8221; global_colors_info=&#8221;{}&#8221;][et_pb_text _builder_version=&#8221;4.23.1&#8243; _module_preset=&#8221;default&#8221; text_font=&#8221;Rubik|600|||||||&#8221; header_3_font=&#8221;||on||||||&#8221; header_3_text_align=&#8221;justify&#8221; header_3_line_height=&#8221;1.3em&#8221; text_orientation=&#8221;center&#8221; custom_margin=&#8221;||-3px|||&#8221; custom_padding=&#8221;10px|10px|10px|10px|true|true&#8221; global_colors_info=&#8221;{}&#8221;]<\/p>\n<h3>Il 2 gennaio, giorno festivo a Granada, ci sar\u00e0 una visita alla Torre della Vela come ogni anno per rispettare la tradizione di suonare la campana.<\/h3>\n<p>[\/et_pb_text][et_pb_divider color=&#8221;#8C6536&#8243; divider_weight=&#8221;2px&#8221; _builder_version=&#8221;4.23.1&#8243; _module_preset=&#8221;default&#8221; module_alignment=&#8221;center&#8221; global_colors_info=&#8221;{}&#8221;][\/et_pb_divider][et_pb_text _builder_version=&#8221;4.23.1&#8243; _module_preset=&#8221;default&#8221; text_font=&#8221;Rubik||||||||&#8221; text_font_size=&#8221;16px&#8221; text_orientation=&#8221;justified&#8221; custom_padding=&#8221;|20px||20px|false|true&#8221; custom_padding_tablet=&#8221;|20px||20px|false|true&#8221; custom_padding_phone=&#8221;|20px||20px|false|true&#8221; custom_padding_last_edited=&#8221;on|phone&#8221; text_font_size_tablet=&#8221;16px&#8221; text_font_size_phone=&#8221;14px&#8221; text_font_size_last_edited=&#8221;on|phone&#8221; global_colors_info=&#8221;{}&#8221;]<\/p>\n<p>L&#8217;accesso avverr\u00e0 secondo le seguenti modalit\u00e0:<\/p>\n<p><\/p>\n<p>Esibizione dell&#8217;invito o dell&#8217;ingresso regolare al monumento (in caso di invito, su richiesta e in base alla disponibilit\u00e0).<\/p>\n<p><\/p>\n<p>In maniera ordinata, attenendosi in ogni momento alle indicazioni del personale addetto al controllo e all&#8217;informazione che regoler\u00e0 il flusso dei visitatori.<\/p>\n<p><\/p>\n<p>Chiediamo la vostra collaborazione e comprensione per questo giorno speciale in citt\u00e0 e di grande affluenza, <\/p>\n<p><\/p>\n<p>Grazie.<\/p>\n<p>[\/et_pb_text][\/et_pb_column][\/et_pb_row][\/et_pb_section][et_pb_section fb_built=&#8221;1&#8243; _builder_version=&#8221;4.20.2&#8243; _module_preset=&#8221;default&#8221; background_enable_color=&#8221;off&#8221; background_color_gradient_start=&#8221;#ffffff&#8221; background_color_gradient_end=&#8221;#ffffff&#8221; background_enable_image=&#8221;off&#8221; background_blend=&#8221;luminosity&#8221; display_conditions=&#8221;bnVsbA==&#8221; custom_padding=&#8221;20px||20px||true|false&#8221; global_colors_info=&#8221;{}&#8221;][et_pb_row _builder_version=&#8221;4.16&#8243; _module_preset=&#8221;default&#8221; background_enable_color=&#8221;off&#8221; display_conditions=&#8221;bnVsbA==&#8221; custom_padding=&#8221;||40px|||&#8221; global_colors_info=&#8221;{}&#8221;][et_pb_column type=&#8221;4_4&#8243; _builder_version=&#8221;4.16&#8243; _module_preset=&#8221;default&#8221; display_conditions=&#8221;bnVsbA==&#8221; global_colors_info=&#8221;{}&#8221;][et_pb_text _builder_version=&#8221;4.16&#8243; _module_preset=&#8221;default&#8221; text_font=&#8221;Rubik|300||on|||||&#8221; text_text_color=&#8221;#FFFFFF&#8221; text_font_size=&#8221;40px&#8221; header_text_color=&#8221;#976d3b&#8221; header_3_font=&#8221;Rubik||||||||&#8221; header_3_text_color=&#8221;#976d3b&#8221; header_3_font_size=&#8221;28px&#8221; background_enable_color=&#8221;off&#8221; text_orientation=&#8221;center&#8221; background_layout=&#8221;dark&#8221; max_width=&#8221;100%&#8221; module_alignment=&#8221;center&#8221; display_conditions=&#8221;bnVsbA==&#8221; custom_margin=&#8221;||||false|false&#8221; custom_padding=&#8221;25px|10px|25px|10px|true|true&#8221; custom_padding_tablet=&#8221;25px|10px|25px|10px|true|true&#8221; custom_padding_phone=&#8221;25px|10px|25px|10px|true|true&#8221; custom_padding_last_edited=&#8221;on|phone&#8221; text_font_size_tablet=&#8221;28px&#8221; text_font_size_phone=&#8221;20px&#8221; text_font_size_last_edited=&#8221;on|phone&#8221; border_color_all=&#8221;#8C6536&#8243; global_colors_info=&#8221;{}&#8221;]<\/p>\n<h3>\u00a0Scegli il tuo biglietto:<\/h3>\n<p>[\/et_pb_text][\/et_pb_column][\/et_pb_row][et_pb_row column_structure=&#8221;1_3,1_3,1_3&#8243; use_custom_gutter=&#8221;on&#8221; gutter_width=&#8221;2&#8243; make_equal=&#8221;on&#8221; admin_label=&#8221;Zona_entradas&#8221; _builder_version=&#8221;4.16&#8243; _module_preset=&#8221;default&#8221; display_conditions=&#8221;bnVsbA==&#8221; global_colors_info=&#8221;{}&#8221;][et_pb_column type=&#8221;1_3&#8243; _builder_version=&#8221;4.16&#8243; _module_preset=&#8221;default&#8221; background_color=&#8221;#f4f0ec&#8221; display_conditions=&#8221;bnVsbA==&#8221; global_colors_info=&#8221;{}&#8221;][et_pb_blurb title=&#8221;Alhambra Generale&#8221; image=&#8221;https:\/\/alhambra-entradas.demo.iacpospre.com\/wp-content\/uploads\/2021\/11\/bot_gen_diu_patio-leones-5480.jpg&#8221; _builder_version=&#8221;4.16&#8243; _module_preset=&#8221;default&#8221; header_font=&#8221;||||||||&#8221; header_font_size=&#8221;19px&#8221; body_font=&#8221;|300|||||||&#8221; body_font_size=&#8221;13px&#8221; background_enable_color=&#8221;off&#8221; text_orientation=&#8221;center&#8221; display_conditions=&#8221;bnVsbA==&#8221; global_colors_info=&#8221;{}&#8221;]<\/p>\n<p style=\"text-align: center;\">Visita completa<\/p>\n<p>[\/et_pb_blurb][et_pb_button button_url=&#8221;@ET-DC@eyJkeW5hbWljIjp0cnVlLCJjb250ZW50IjoicG9zdF9saW5rX3VybF9wcm9kdWN0byIsInNldHRpbmdzIjp7InBvc3RfaWQiOiIxNzg0In19@&#8221; button_text=&#8221;Acquista ora | 22.27\u20ac&#8221; button_alignment=&#8221;center&#8221; _builder_version=&#8221;4.27.6&#8243; _dynamic_attributes=&#8221;button_url&#8221; _module_preset=&#8221;default&#8221; custom_button=&#8221;on&#8221; button_text_size=&#8221;14px&#8221; button_text_color=&#8221;#E02B20&#8243; button_bg_color=&#8221;#FFFFFF&#8221; button_border_width=&#8221;1px&#8221; button_border_color=&#8221;#dbccbb&#8221; button_font=&#8221;|||on|||||&#8221; button_icon=&#8221;&#xe07a;||divi||400&#8243; display_conditions=&#8221;bnVsbA==&#8221; custom_margin=&#8221;20px||20px||true|false&#8221; custom_padding=&#8221;10px||10px||true|false&#8221; global_colors_info=&#8221;{}&#8221;][\/et_pb_button][\/et_pb_column][et_pb_column type=&#8221;1_3&#8243; _builder_version=&#8221;4.16&#8243; _module_preset=&#8221;default&#8221; background_color=&#8221;#f4f0ec&#8221; display_conditions=&#8221;bnVsbA==&#8221; global_colors_info=&#8221;{}&#8221;][et_pb_blurb title=&#8221;Giardini, Generalife e Alcazaba&#8221; image=&#8221;https:\/\/alhambra-entradas.demo.iacpospre.com\/wp-content\/uploads\/2021\/11\/ENTRADA-JARDINES.jpg&#8221; _builder_version=&#8221;4.16&#8243; _module_preset=&#8221;default&#8221; header_font=&#8221;||||||||&#8221; header_font_size=&#8221;19px&#8221; body_font=&#8221;|300|||||||&#8221; body_text_color=&#8221;RGBA(255,255,255,0)&#8221; body_font_size=&#8221;13px&#8221; background_enable_color=&#8221;off&#8221; text_orientation=&#8221;center&#8221; display_conditions=&#8221;bnVsbA==&#8221; global_colors_info=&#8221;{}&#8221;]<\/p>\n<p style=\"text-align: center;\">Giardini<\/p>\n<p>[\/et_pb_blurb][et_pb_button button_url=&#8221;@ET-DC@eyJkeW5hbWljIjp0cnVlLCJjb250ZW50IjoicG9zdF9saW5rX3VybF9wcm9kdWN0byIsInNldHRpbmdzIjp7InBvc3RfaWQiOiIxODA0In19@&#8221; button_text=&#8221;Acquista ora | 12.73\u20ac&#8221; button_alignment=&#8221;center&#8221; _builder_version=&#8221;4.27.6&#8243; _dynamic_attributes=&#8221;button_url&#8221; _module_preset=&#8221;default&#8221; custom_button=&#8221;on&#8221; button_text_size=&#8221;14px&#8221; button_text_color=&#8221;#E02B20&#8243; button_bg_color=&#8221;#FFFFFF&#8221; button_border_width=&#8221;1px&#8221; button_border_color=&#8221;#dbccbb&#8221; button_font=&#8221;|||on|||||&#8221; button_icon=&#8221;&#xe07a;||divi||400&#8243; display_conditions=&#8221;bnVsbA==&#8221; custom_margin=&#8221;20px||20px||true|false&#8221; custom_padding=&#8221;10px||10px||true|false&#8221; global_colors_info=&#8221;{}&#8221;][\/et_pb_button][\/et_pb_column][et_pb_column type=&#8221;1_3&#8243; _builder_version=&#8221;4.16&#8243; _module_preset=&#8221;default&#8221; background_color=&#8221;#f4f0ec&#8221; display_conditions=&#8221;bnVsbA==&#8221; global_colors_info=&#8221;{}&#8221;][et_pb_blurb title=&#8221;Dobla de Oro General&#8221; image=&#8221;https:\/\/alhambra-entradas.demo.iacpospre.com\/wp-content\/uploads\/2021\/11\/ENTRADA-DOBLA-DE-ORO.jpg&#8221; _builder_version=&#8221;4.17.3&#8243; _module_preset=&#8221;default&#8221; header_font=&#8221;||||||||&#8221; header_font_size=&#8221;19px&#8221; body_font=&#8221;|300|||||||&#8221; body_font_size=&#8221;13px&#8221; background_enable_color=&#8221;off&#8221; text_orientation=&#8221;center&#8221; display_conditions=&#8221;bnVsbA==&#8221; global_colors_info=&#8221;{}&#8221;]<\/p>\n<p style=\"text-align: center;\">(Alhambra + Monumenti Andalusi) (Albaicin)<\/p>\n<p>[\/et_pb_blurb][et_pb_button button_url=&#8221;@ET-DC@eyJkeW5hbWljIjp0cnVlLCJjb250ZW50IjoicG9zdF9saW5rX3VybF9wcm9kdWN0byIsInNldHRpbmdzIjp7InBvc3RfaWQiOiIxODE2In19@&#8221; button_text=&#8221;Acquista ora | 30.48\u20ac&#8221; button_alignment=&#8221;center&#8221; _builder_version=&#8221;4.27.6&#8243; _dynamic_attributes=&#8221;button_url&#8221; _module_preset=&#8221;default&#8221; custom_button=&#8221;on&#8221; button_text_size=&#8221;14px&#8221; button_text_color=&#8221;#E02B20&#8243; button_bg_color=&#8221;#FFFFFF&#8221; button_border_width=&#8221;1px&#8221; button_border_color=&#8221;#dbccbb&#8221; button_font=&#8221;|||on|||||&#8221; button_icon=&#8221;&#xe07a;||divi||400&#8243; display_conditions=&#8221;bnVsbA==&#8221; custom_margin=&#8221;20px||20px||true|false&#8221; custom_padding=&#8221;10px||10px||true|false&#8221; global_colors_info=&#8221;{}&#8221;][\/et_pb_button][\/et_pb_column][\/et_pb_row][et_pb_row column_structure=&#8221;1_3,1_3,1_3&#8243; use_custom_gutter=&#8221;on&#8221; gutter_width=&#8221;2&#8243; make_equal=&#8221;on&#8221; admin_label=&#8221;Zona_entradas&#8221; _builder_version=&#8221;4.16&#8243; _module_preset=&#8221;default&#8221; display_conditions=&#8221;bnVsbA==&#8221; global_colors_info=&#8221;{}&#8221;][et_pb_column type=&#8221;1_3&#8243; _builder_version=&#8221;4.16&#8243; _module_preset=&#8221;default&#8221; background_color=&#8221;#f4f0ec&#8221; display_conditions=&#8221;bnVsbA==&#8221; global_colors_info=&#8221;{}&#8221;][et_pb_blurb title=&#8221;Visita serale Palazzi Nasridi&#8221; image=&#8221;https:\/\/alhambra-entradas.demo.iacpospre.com\/wp-content\/uploads\/2021\/11\/boton_exp_ARRAYANES-NOCTURNA-6610-3A.jpg&#8221; _builder_version=&#8221;4.16&#8243; _module_preset=&#8221;default&#8221; header_font=&#8221;||||||||&#8221; header_font_size=&#8221;19px&#8221; body_font=&#8221;|300|||||||&#8221; body_text_color=&#8221;RGBA(255,255,255,0)&#8221; body_font_size=&#8221;13px&#8221; background_enable_color=&#8221;off&#8221; text_orientation=&#8221;center&#8221; display_conditions=&#8221;bnVsbA==&#8221; global_colors_info=&#8221;{}&#8221;]<\/p>\n<p style=\"text-align: center;\">Notturno<\/p>\n<p>[\/et_pb_blurb][et_pb_button button_url=&#8221;@ET-DC@eyJkeW5hbWljIjp0cnVlLCJjb250ZW50IjoicG9zdF9saW5rX3VybF9wcm9kdWN0byIsInNldHRpbmdzIjp7InBvc3RfaWQiOiIxODU0In19@&#8221; button_text=&#8221;Acquista ora | 12.73\u20ac&#8221; button_alignment=&#8221;center&#8221; _builder_version=&#8221;4.27.6&#8243; _dynamic_attributes=&#8221;button_url&#8221; _module_preset=&#8221;default&#8221; custom_button=&#8221;on&#8221; button_text_size=&#8221;14px&#8221; button_text_color=&#8221;#E02B20&#8243; button_bg_color=&#8221;#FFFFFF&#8221; button_border_width=&#8221;1px&#8221; button_border_color=&#8221;#dbccbb&#8221; button_font=&#8221;|||on|||||&#8221; button_icon=&#8221;&#xe07a;||divi||400&#8243; display_conditions=&#8221;bnVsbA==&#8221; custom_margin=&#8221;20px||20px||true|false&#8221; custom_padding=&#8221;10px||10px||true|false&#8221; global_colors_info=&#8221;{}&#8221;][\/et_pb_button][\/et_pb_column][et_pb_column type=&#8221;1_3&#8243; _builder_version=&#8221;4.16&#8243; _module_preset=&#8221;default&#8221; background_color=&#8221;#f4f0ec&#8221; display_conditions=&#8221;bnVsbA==&#8221; global_colors_info=&#8221;{}&#8221;][et_pb_blurb title=&#8221;Visita serale Giardini e Generalife&#8221; image=&#8221;https:\/\/alhambra-entradas.demo.iacpospre.com\/wp-content\/uploads\/2021\/11\/bot_noc_generalife-noche-2-1.jpg&#8221; _builder_version=&#8221;4.19.2&#8243; _module_preset=&#8221;default&#8221; header_font=&#8221;||||||||&#8221; header_text_align=&#8221;center&#8221; header_font_size=&#8221;19px&#8221; body_font=&#8221;|300|||||||&#8221; body_text_color=&#8221;RGBA(255,255,255,0)&#8221; body_font_size=&#8221;13px&#8221; background_enable_color=&#8221;off&#8221; text_orientation=&#8221;center&#8221; display_conditions=&#8221;bnVsbA==&#8221; custom_margin=&#8221;||25px|||&#8221; custom_padding=&#8221;|||0px||&#8221; global_colors_info=&#8221;{}&#8221;][\/et_pb_blurb][et_pb_button button_url=&#8221;@ET-DC@eyJkeW5hbWljIjp0cnVlLCJjb250ZW50IjoicG9zdF9saW5rX3VybF9wcm9kdWN0byIsInNldHRpbmdzIjp7InBvc3RfaWQiOiIxOTczIn19@&#8221; button_text=&#8221;Acquista ora | 8.48\u20ac&#8221; button_alignment=&#8221;center&#8221; _builder_version=&#8221;4.27.6&#8243; _dynamic_attributes=&#8221;button_url&#8221; _module_preset=&#8221;default&#8221; custom_button=&#8221;on&#8221; button_text_size=&#8221;14px&#8221; button_text_color=&#8221;#E02B20&#8243; button_bg_color=&#8221;#FFFFFF&#8221; button_border_width=&#8221;1px&#8221; button_border_color=&#8221;#dbccbb&#8221; button_font=&#8221;|||on|||||&#8221; button_icon=&#8221;&#xe07a;||divi||400&#8243; display_conditions=&#8221;bnVsbA==&#8221; custom_margin=&#8221;20px||20px||true|false&#8221; custom_padding=&#8221;10px||10px||true|false&#8221; global_colors_info=&#8221;{}&#8221;][\/et_pb_button][\/et_pb_column][et_pb_column type=&#8221;1_3&#8243; _builder_version=&#8221;4.16&#8243; _module_preset=&#8221;default&#8221; background_color=&#8221;#f4f0ec&#8221; display_conditions=&#8221;bnVsbA==&#8221; global_colors_info=&#8221;{}&#8221;][et_pb_blurb title=&#8221;Dobla de Oro Serale&#8221; image=&#8221;https:\/\/alhambra-entradas.demo.iacpospre.com\/wp-content\/uploads\/2021\/12\/PATIO-LEONES9791.jpg&#8221; _builder_version=&#8221;4.20.0&#8243; _module_preset=&#8221;default&#8221; header_font=&#8221;||||||||&#8221; header_font_size=&#8221;19px&#8221; body_font=&#8221;|300|||||||&#8221; body_font_size=&#8221;13px&#8221; background_enable_color=&#8221;off&#8221; text_orientation=&#8221;center&#8221; display_conditions=&#8221;bnVsbA==&#8221; global_colors_info=&#8221;{}&#8221;]<\/p>\n<p style=\"text-align: center;\"><strong>(Palazzi Nasridi + Monumenti Andalusi) (Albaicin)<\/strong><\/p>\n<p>[\/et_pb_blurb][et_pb_button button_url=&#8221;@ET-DC@eyJkeW5hbWljIjp0cnVlLCJjb250ZW50IjoicG9zdF9saW5rX3VybF9wcm9kdWN0byIsInNldHRpbmdzIjp7InBvc3RfaWQiOiIxOTc3In19@&#8221; button_text=&#8221;Acquista ora | 23.06\u20ac&#8221; button_alignment=&#8221;center&#8221; _builder_version=&#8221;4.27.6&#8243; _dynamic_attributes=&#8221;button_url&#8221; _module_preset=&#8221;default&#8221; custom_button=&#8221;on&#8221; button_text_size=&#8221;14px&#8221; button_text_color=&#8221;#E02B20&#8243; button_bg_color=&#8221;#FFFFFF&#8221; button_border_width=&#8221;1px&#8221; button_border_color=&#8221;#dbccbb&#8221; button_font=&#8221;|||on|||||&#8221; button_icon=&#8221;&#xe07a;||divi||400&#8243; display_conditions=&#8221;bnVsbA==&#8221; custom_margin=&#8221;20px||20px||true|false&#8221; custom_padding=&#8221;10px||10px||true|false&#8221; global_colors_info=&#8221;{}&#8221;][\/et_pb_button][\/et_pb_column][\/et_pb_row][et_pb_row column_structure=&#8221;1_3,1_3,1_3&#8243; use_custom_gutter=&#8221;on&#8221; gutter_width=&#8221;2&#8243; make_equal=&#8221;on&#8221; admin_label=&#8221;Zona_entradas&#8221; _builder_version=&#8221;4.16&#8243; _module_preset=&#8221;default&#8221; display_conditions=&#8221;bnVsbA==&#8221; global_colors_info=&#8221;{}&#8221;][et_pb_column type=&#8221;1_3&#8243; _builder_version=&#8221;4.16&#8243; _module_preset=&#8221;default&#8221; background_color=&#8221;#f4f0ec&#8221; display_conditions=&#8221;bnVsbA==&#8221; global_colors_info=&#8221;{}&#8221;][et_pb_blurb title=&#8221;Alhambra Esperienze&#8221; image=&#8221;https:\/\/alhambra-entradas.demo.iacpospre.com\/wp-content\/uploads\/2021\/11\/entrada_experiencias.jpg&#8221; _builder_version=&#8221;4.16&#8243; _module_preset=&#8221;default&#8221; header_font=&#8221;||||||||&#8221; header_font_size=&#8221;19px&#8221; body_font=&#8221;|300|||||||&#8221; body_text_color=&#8221;RGBA(255,255,255,0)&#8221; body_font_size=&#8221;13px&#8221; background_enable_color=&#8221;off&#8221; text_orientation=&#8221;center&#8221; display_conditions=&#8221;bnVsbA==&#8221; global_colors_info=&#8221;{}&#8221;]<\/p>\n<p style=\"text-align: center;\">Esperienze<\/p>\n<p>[\/et_pb_blurb][et_pb_button button_url=&#8221;@ET-DC@eyJkeW5hbWljIjp0cnVlLCJjb250ZW50IjoicG9zdF9saW5rX3VybF9wcm9kdWN0byIsInNldHRpbmdzIjp7InBvc3RfaWQiOiIyMDI4In19@&#8221; button_text=&#8221;Acquista ora | 22.27\u20ac&#8221; button_alignment=&#8221;center&#8221; _builder_version=&#8221;4.27.6&#8243; _dynamic_attributes=&#8221;button_url&#8221; _module_preset=&#8221;default&#8221; custom_button=&#8221;on&#8221; button_text_size=&#8221;14px&#8221; button_text_color=&#8221;#E02B20&#8243; button_bg_color=&#8221;#FFFFFF&#8221; button_border_width=&#8221;1px&#8221; button_border_color=&#8221;#dbccbb&#8221; button_font=&#8221;|||on|||||&#8221; button_icon=&#8221;&#xe07a;||divi||400&#8243; display_conditions=&#8221;bnVsbA==&#8221; custom_margin=&#8221;20px||20px||true|false&#8221; custom_padding=&#8221;10px||10px||true|false&#8221; global_colors_info=&#8221;{}&#8221;][\/et_pb_button][\/et_pb_column][et_pb_column type=&#8221;1_3&#8243; _builder_version=&#8221;4.16&#8243; _module_preset=&#8221;default&#8221; background_color=&#8221;#f4f0ec&#8221; display_conditions=&#8221;bnVsbA==&#8221; global_colors_info=&#8221;{}&#8221;][et_pb_blurb title=&#8221;Visita combinata dell&#039;Alhambra e della Fondazione Rodr\u00edguez-Acosta&#8221; image=&#8221;https:\/\/alhambra-entradas.demo.iacpospre.com\/wp-content\/uploads\/2021\/11\/entrada_fracosta.jpg&#8221; _builder_version=&#8221;4.17.1&#8243; _module_preset=&#8221;default&#8221; header_font=&#8221;||||||||&#8221; header_text_align=&#8221;center&#8221; header_font_size=&#8221;19px&#8221; body_font=&#8221;|300|||||||&#8221; body_text_color=&#8221;RGBA(255,255,255,0)&#8221; body_font_size=&#8221;13px&#8221; background_enable_color=&#8221;off&#8221; text_orientation=&#8221;center&#8221; display_conditions=&#8221;bnVsbA==&#8221; custom_margin=&#8221;||25px|||&#8221; custom_padding=&#8221;|||0px||&#8221; global_colors_info=&#8221;{}&#8221;][\/et_pb_blurb][et_pb_button button_url=&#8221;@ET-DC@eyJkeW5hbWljIjp0cnVlLCJjb250ZW50IjoicG9zdF9saW5rX3VybF9wcm9kdWN0byIsInNldHRpbmdzIjp7InBvc3RfaWQiOiIyMDM4In19@&#8221; button_text=&#8221;Acquista ora | 25.45\u20ac&#8221; button_alignment=&#8221;center&#8221; _builder_version=&#8221;4.27.6&#8243; _dynamic_attributes=&#8221;button_url&#8221; _module_preset=&#8221;default&#8221; custom_button=&#8221;on&#8221; button_text_size=&#8221;14px&#8221; button_text_color=&#8221;#E02B20&#8243; button_bg_color=&#8221;#FFFFFF&#8221; button_border_width=&#8221;1px&#8221; button_border_color=&#8221;#dbccbb&#8221; button_font=&#8221;|||on|||||&#8221; button_icon=&#8221;&#xe07a;||divi||400&#8243; display_conditions=&#8221;bnVsbA==&#8221; custom_margin=&#8221;20px||20px||true|false&#8221; custom_padding=&#8221;10px||10px||true|false&#8221; global_colors_info=&#8221;{}&#8221;][\/et_pb_button][et_pb_button button_text=&#8221;PROXIMAMENTE&#8221; button_alignment=&#8221;center&#8221; disabled_on=&#8221;on|on|on&#8221; module_class=&#8221;btn_comprar_desac&#8221; _builder_version=&#8221;4.25.0&#8243; _module_preset=&#8221;default&#8221; custom_button=&#8221;on&#8221; button_text_size=&#8221;14px&#8221; button_text_color=&#8221;#E02B20&#8243; button_bg_color=&#8221;#FFFFFF&#8221; button_border_width=&#8221;1px&#8221; button_border_color=&#8221;#dbccbb&#8221; button_font=&#8221;|||on|||||&#8221; button_use_icon=&#8221;off&#8221; display_conditions=&#8221;bnVsbA==&#8221; custom_margin=&#8221;20px||20px||true|false&#8221; custom_padding=&#8221;10px||10px||true|false&#8221; disabled=&#8221;on&#8221; global_colors_info=&#8221;{}&#8221;][\/et_pb_button][\/et_pb_column][et_pb_column type=&#8221;1_3&#8243; _builder_version=&#8221;4.16&#8243; _module_preset=&#8221;default&#8221; background_color=&#8221;#f4f0ec&#8221; display_conditions=&#8221;bnVsbA==&#8221; global_colors_info=&#8221;{}&#8221;][et_pb_blurb title=&#8221;Monumentos Andalus\u00edes&#8221; image=&#8221;https:\/\/alhambra-entradas.demo.iacpospre.com\/wp-content\/uploads\/2021\/12\/MonumentosAndalusies.Corral-del-Carbon-2-1.jpg&#8221; _builder_version=&#8221;4.16&#8243; _module_preset=&#8221;default&#8221; header_font=&#8221;||||||||&#8221; header_font_size=&#8221;19px&#8221; body_font=&#8221;|300|||||||&#8221; body_font_size=&#8221;13px&#8221; background_enable_color=&#8221;off&#8221; text_orientation=&#8221;center&#8221; display_conditions=&#8221;bnVsbA==&#8221; global_colors_info=&#8221;{}&#8221;]<\/p>\n<p style=\"text-align: center;\">(Albaic\u00edn)<\/p>\n<p>[\/et_pb_blurb][et_pb_button button_url=&#8221;@ET-DC@eyJkeW5hbWljIjp0cnVlLCJjb250ZW50IjoicG9zdF9saW5rX3VybF9wcm9kdWN0byIsInNldHRpbmdzIjp7InBvc3RfaWQiOiIyMDUyIn19@&#8221; button_text=&#8221;Acquista ora | 8.48\u20ac&#8221; button_alignment=&#8221;center&#8221; _builder_version=&#8221;4.27.6&#8243; _dynamic_attributes=&#8221;button_url&#8221; _module_preset=&#8221;default&#8221; custom_button=&#8221;on&#8221; button_text_size=&#8221;14px&#8221; button_text_color=&#8221;#E02B20&#8243; button_bg_color=&#8221;#FFFFFF&#8221; button_border_width=&#8221;1px&#8221; button_border_color=&#8221;#dbccbb&#8221; button_font=&#8221;|||on|||||&#8221; button_icon=&#8221;&#xe07a;||divi||400&#8243; display_conditions=&#8221;bnVsbA==&#8221; custom_margin=&#8221;20px||20px||true|false&#8221; custom_padding=&#8221;10px||10px||true|false&#8221; global_colors_info=&#8221;{}&#8221;][\/et_pb_button][\/et_pb_column][\/et_pb_row][et_pb_row column_structure=&#8221;1_3,1_3,1_3&#8243; use_custom_gutter=&#8221;on&#8221; gutter_width=&#8221;2&#8243; make_equal=&#8221;on&#8221; admin_label=&#8221;Zona_entradas&#8221; _builder_version=&#8221;4.19.1&#8243; _module_preset=&#8221;default&#8221; background_enable_color=&#8221;off&#8221; display_conditions=&#8221;bnVsbA==&#8221; global_colors_info=&#8221;{}&#8221;][et_pb_column type=&#8221;1_3&#8243; _builder_version=&#8221;4.19.1&#8243; _module_preset=&#8221;default&#8221; background_enable_color=&#8221;off&#8221; display_conditions=&#8221;bnVsbA==&#8221; global_colors_info=&#8221;{}&#8221;][\/et_pb_column][et_pb_column type=&#8221;1_3&#8243; _builder_version=&#8221;4.19.1&#8243; _module_preset=&#8221;default&#8221; background_color=&#8221;#f4f0ec&#8221; display_conditions=&#8221;bnVsbA==&#8221; global_colors_info=&#8221;{}&#8221;][et_pb_blurb title=&#8221;Dobla de Oro Giardini&#8221; image=&#8221;https:\/\/alhambra-entradas.demo.iacpospre.com\/wp-content\/uploads\/2022\/12\/5.-DAR-AL-HORRA.jpg&#8221; _builder_version=&#8221;4.19.3&#8243; _module_preset=&#8221;default&#8221; header_font=&#8221;||||||||&#8221; header_font_size=&#8221;19px&#8221; body_font=&#8221;|300|||||||&#8221; body_text_color=&#8221;RGBA(255,255,255,0)&#8221; body_font_size=&#8221;13px&#8221; background_enable_color=&#8221;off&#8221; text_orientation=&#8221;center&#8221; display_conditions=&#8221;bnVsbA==&#8221; global_colors_info=&#8221;{}&#8221;]<\/p>\n<p style=\"text-align: center;\"><span style=\"color: #000000;\"><strong>(Alhambra + Andalusi monuments) (Albaicin)<\/strong><\/span><\/p>\n<p>[\/et_pb_blurb][et_pb_button button_url=&#8221;@ET-DC@eyJkeW5hbWljIjp0cnVlLCJjb250ZW50IjoicG9zdF9saW5rX3VybF9wcm9kdWN0byIsInNldHRpbmdzIjp7InBvc3RfaWQiOiIxMzMwNiJ9fQ==@&#8221; button_text=&#8221;Acquista ora | 20.93\u20ac&#8221; button_alignment=&#8221;center&#8221; _builder_version=&#8221;4.19.2&#8243; _dynamic_attributes=&#8221;button_url&#8221; _module_preset=&#8221;default&#8221; custom_button=&#8221;on&#8221; button_text_size=&#8221;14px&#8221; button_text_color=&#8221;#E02B20&#8243; button_bg_color=&#8221;#FFFFFF&#8221; button_border_width=&#8221;1px&#8221; button_border_color=&#8221;#dbccbb&#8221; button_font=&#8221;|||on|||||&#8221; button_icon=&#8221;&#xe07a;||divi||400&#8243; display_conditions=&#8221;bnVsbA==&#8221; custom_margin=&#8221;20px||20px||true|false&#8221; custom_padding=&#8221;10px||10px||true|false&#8221; global_colors_info=&#8221;{}&#8221;][\/et_pb_button][\/et_pb_column][et_pb_column type=&#8221;1_3&#8243; _builder_version=&#8221;4.19.1&#8243; _module_preset=&#8221;default&#8221; background_enable_color=&#8221;off&#8221; display_conditions=&#8221;bnVsbA==&#8221; global_colors_info=&#8221;{}&#8221;][\/et_pb_column][\/et_pb_row][\/et_pb_section][et_pb_section fb_built=&#8221;1&#8243; disabled_on=&#8221;on|on|on&#8221; admin_label=&#8221;Seccion_especialistas&#8221; _builder_version=&#8221;4.25.2&#8243; _module_preset=&#8221;default&#8221; display_conditions=&#8221;bnVsbA==&#8221; custom_padding=&#8221;28px|||||&#8221; disabled=&#8221;on&#8221; global_colors_info=&#8221;{}&#8221;][et_pb_row _builder_version=&#8221;4.18.0&#8243; _module_preset=&#8221;default&#8221; background_color=&#8221;#FFFFFF&#8221; display_conditions=&#8221;bnVsbA==&#8221; border_width_bottom=&#8221;4px&#8221; border_color_bottom=&#8221;rgba(91,44,0,0.61)&#8221; global_colors_info=&#8221;{}&#8221;][et_pb_column type=&#8221;4_4&#8243; _builder_version=&#8221;4.16&#8243; _module_preset=&#8221;default&#8221; display_conditions=&#8221;bnVsbA==&#8221; global_colors_info=&#8221;{}&#8221;][et_pb_text _builder_version=&#8221;4.18.0&#8243; _module_preset=&#8221;default&#8221; text_text_color=&#8221;#000000&#8243; text_font_size=&#8221;35px&#8221; text_orientation=&#8221;center&#8221; display_conditions=&#8221;bnVsbA==&#8221; text_font_size_tablet=&#8221;28px&#8221; text_font_size_phone=&#8221;24px&#8221; text_font_size_last_edited=&#8221;on|phone&#8221; global_colors_info=&#8221;{}&#8221;]<\/p>\n<p>Biglietti per visite guidate da specialisti<\/p>\n<p>[\/et_pb_text][\/et_pb_column][\/et_pb_row][et_pb_row column_structure=&#8221;1_2,1_2&#8243; use_custom_gutter=&#8221;on&#8221; gutter_width=&#8221;2&#8243; make_equal=&#8221;on&#8221; disabled_on=&#8221;on|on|on&#8221; admin_label=&#8221;Zona_entradas&#8221; _builder_version=&#8221;4.25.0&#8243; _module_preset=&#8221;default&#8221; width=&#8221;73%&#8221; display_conditions=&#8221;bnVsbA==&#8221; disabled=&#8221;on&#8221; global_colors_info=&#8221;{}&#8221;][et_pb_column type=&#8221;1_2&#8243; _builder_version=&#8221;4.17.0&#8243; _module_preset=&#8221;default&#8221; background_color=&#8221;#f4f0ec&#8221; display_conditions=&#8221;bnVsbA==&#8221; global_colors_info=&#8221;{}&#8221;][et_pb_blurb title=&#8221;40 aniversario Declaraci\u00f3n Patrimonio Mundial&#8221; image=&#8221;https:\/\/alhambra-entradas.demo.iacpospre.com\/wp-content\/uploads\/2024\/05\/visitahuertas.jpg&#8221; disabled_on=&#8221;off|off|off&#8221; _builder_version=&#8221;4.25.1&#8243; _module_preset=&#8221;default&#8221; header_font=&#8221;||||||||&#8221; header_font_size=&#8221;19px&#8221; body_font=&#8221;|300|||||||&#8221; body_text_color=&#8221;rgba(10,10,10,0)&#8221; body_font_size=&#8221;13px&#8221; background_enable_color=&#8221;off&#8221; text_orientation=&#8221;center&#8221; display_conditions=&#8221;bnVsbA==&#8221; global_colors_info=&#8221;{}&#8221;]<\/p>\n<p><span style=\"color: #000000;\">Las huertas de la Almunia del Generalife desde la arqueolog\u00eda<\/span><\/p>\n<p><\/p>\n<p><span style=\"color: #000000;\">10 de mayo<\/span><\/p>\n<p>[\/et_pb_blurb][et_pb_button button_url=&#8221;@ET-DC@eyJkeW5hbWljIjp0cnVlLCJjb250ZW50IjoicG9zdF9saW5rX3VybF9wcm9kdWN0byIsInNldHRpbmdzIjp7InBvc3RfaWQiOiIxODM4OSJ9fQ==@&#8221; button_text=&#8221;Comprar entradas | 10,00\u20ac&#8221; button_alignment=&#8221;center&#8221; disabled_on=&#8221;off|off|off&#8221; _builder_version=&#8221;4.25.0&#8243; _dynamic_attributes=&#8221;button_url&#8221; _module_preset=&#8221;default&#8221; custom_button=&#8221;on&#8221; button_text_size=&#8221;14px&#8221; button_text_color=&#8221;#E02B20&#8243; button_bg_color=&#8221;#FFFFFF&#8221; button_border_width=&#8221;1px&#8221; button_border_color=&#8221;#dbccbb&#8221; button_font=&#8221;|||on|||||&#8221; button_icon=&#8221;&#xe07a;||divi||400&#8243; display_conditions=&#8221;bnVsbA==&#8221; custom_margin=&#8221;20px||20px||true|false&#8221; custom_padding=&#8221;10px||10px||true|false&#8221; global_colors_info=&#8221;{}&#8221;][\/et_pb_button][\/et_pb_column][et_pb_column type=&#8221;1_2&#8243; disabled_on=&#8221;off|off|off&#8221; _builder_version=&#8221;4.21.0&#8243; _module_preset=&#8221;default&#8221; background_color=&#8221;#f4f0ec&#8221; display_conditions=&#8221;bnVsbA==&#8221; global_colors_info=&#8221;{}&#8221;][et_pb_blurb title=&#8221;40 aniversario Declaraci\u00f3n Patrimonio Mundial&#8221; image=&#8221;https:\/\/alhambra-entradas.demo.iacpospre.com\/wp-content\/uploads\/2024\/05\/IMG_9199.jpg&#8221; image_icon_width_tablet=&#8221;&#8221; image_icon_width_phone=&#8221;&#8221; image_icon_width_last_edited=&#8221;on|tablet&#8221; icon_alignment_tablet=&#8221;&#8221; icon_alignment_phone=&#8221;&#8221; icon_alignment_last_edited=&#8221;on|phone&#8221; disabled_on=&#8221;off|off|off&#8221; _builder_version=&#8221;4.25.1&#8243; _module_preset=&#8221;default&#8221; header_font=&#8221;|700|||||||&#8221; header_font_size=&#8221;19px&#8221; background_enable_color=&#8221;off&#8221; text_orientation=&#8221;center&#8221; display_conditions=&#8221;bnVsbA==&#8221; global_colors_info=&#8221;{}&#8221;]<\/p>\n<p>Torres Bermejas. El eslab\u00f3n entre Granada y la Alhambra<\/p>\n<p><\/p>\n<p>11 de mayo<\/p>\n<p>[\/et_pb_blurb][et_pb_button button_url=&#8221;@ET-DC@eyJkeW5hbWljIjp0cnVlLCJjb250ZW50IjoicG9zdF9saW5rX3VybF9wcm9kdWN0byIsInNldHRpbmdzIjp7InBvc3RfaWQiOiIxODQwOSJ9fQ==@&#8221; button_text=&#8221;Comprar entradas | 10,00\u20ac&#8221; button_alignment=&#8221;center&#8221; disabled_on=&#8221;off|off|off&#8221; _builder_version=&#8221;4.25.0&#8243; _dynamic_attributes=&#8221;button_url&#8221; _module_preset=&#8221;default&#8221; custom_button=&#8221;on&#8221; button_text_size=&#8221;14px&#8221; button_text_color=&#8221;#E02B20&#8243; button_bg_color=&#8221;#FFFFFF&#8221; button_border_width=&#8221;1px&#8221; button_border_color=&#8221;#dbccbb&#8221; button_font=&#8221;|||on|||||&#8221; button_icon=&#8221;&#xe07a;||divi||400&#8243; display_conditions=&#8221;bnVsbA==&#8221; custom_margin=&#8221;20px||20px||true|false&#8221; custom_padding=&#8221;10px||10px||true|false&#8221; global_colors_info=&#8221;{}&#8221;][\/et_pb_button][\/et_pb_column][\/et_pb_row][et_pb_row column_structure=&#8221;1_2,1_2&#8243; use_custom_gutter=&#8221;on&#8221; gutter_width=&#8221;2&#8243; make_equal=&#8221;on&#8221; disabled_on=&#8221;on|on|on&#8221; admin_label=&#8221;Zona_entradas&#8221; _builder_version=&#8221;4.25.1&#8243; _module_preset=&#8221;default&#8221; width=&#8221;73%&#8221; display_conditions=&#8221;bnVsbA==&#8221; disabled=&#8221;on&#8221; global_colors_info=&#8221;{}&#8221;][et_pb_column type=&#8221;1_2&#8243; _builder_version=&#8221;4.17.0&#8243; _module_preset=&#8221;default&#8221; background_color=&#8221;#f4f0ec&#8221; display_conditions=&#8221;bnVsbA==&#8221; global_colors_info=&#8221;{}&#8221;][et_pb_blurb title=&#8221;40 aniversario Declaraci\u00f3n Patrimonio Mundial&#8221; image=&#8221;https:\/\/alhambra-entradas.demo.iacpospre.com\/wp-content\/uploads\/2024\/05\/NAZARIES-67.jpg&#8221; icon_alignment_tablet=&#8221;&#8221; icon_alignment_phone=&#8221;&#8221; icon_alignment_last_edited=&#8221;on|phone&#8221; disabled_on=&#8221;off|off|off&#8221; _builder_version=&#8221;4.25.1&#8243; _module_preset=&#8221;default&#8221; header_font=&#8221;|700|||||||&#8221; header_font_size=&#8221;19px&#8221; background_enable_color=&#8221;off&#8221; text_orientation=&#8221;center&#8221; display_conditions=&#8221;bnVsbA==&#8221; global_colors_info=&#8221;{}&#8221;]<\/p>\n<p>Los dise\u00f1os geom\u00e9tricos nazar\u00edes<\/p>\n<p><\/p>\n<p>17 de mayo<\/p>\n<p>[\/et_pb_blurb][et_pb_button button_url=&#8221;@ET-DC@eyJkeW5hbWljIjp0cnVlLCJjb250ZW50IjoicG9zdF9saW5rX3VybF9wcm9kdWN0byIsInNldHRpbmdzIjp7InBvc3RfaWQiOiIxODUwNCJ9fQ==@&#8221; button_text=&#8221;Comprar entradas | 10,00\u20ac&#8221; button_alignment=&#8221;center&#8221; disabled_on=&#8221;off|off|off&#8221; _builder_version=&#8221;4.25.0&#8243; _dynamic_attributes=&#8221;button_url&#8221; _module_preset=&#8221;default&#8221; custom_button=&#8221;on&#8221; button_text_size=&#8221;14px&#8221; button_text_color=&#8221;#E02B20&#8243; button_bg_color=&#8221;#FFFFFF&#8221; button_border_width=&#8221;1px&#8221; button_border_color=&#8221;#dbccbb&#8221; button_font=&#8221;|||on|||||&#8221; button_icon=&#8221;&#xe07a;||divi||400&#8243; display_conditions=&#8221;bnVsbA==&#8221; custom_margin=&#8221;20px||20px||true|false&#8221; custom_padding=&#8221;10px||10px||true|false&#8221; global_colors_info=&#8221;{}&#8221;][\/et_pb_button][\/et_pb_column][et_pb_column type=&#8221;1_2&#8243; disabled_on=&#8221;off|off|off&#8221; _builder_version=&#8221;4.21.0&#8243; _module_preset=&#8221;default&#8221; background_color=&#8221;#f4f0ec&#8221; display_conditions=&#8221;bnVsbA==&#8221; global_colors_info=&#8221;{}&#8221;][et_pb_blurb title=&#8221;40 aniversario Declaraci\u00f3n Patrimonio Mundial&#8221; image=&#8221;https:\/\/alhambra-entradas.demo.iacpospre.com\/wp-content\/uploads\/2024\/05\/Fig.-7_Garcia-Zarza.-2018.jpg&#8221; icon_alignment_tablet=&#8221;&#8221; icon_alignment_phone=&#8221;&#8221; icon_alignment_last_edited=&#8221;on|phone&#8221; disabled_on=&#8221;off|off|off&#8221; _builder_version=&#8221;4.25.0&#8243; _module_preset=&#8221;default&#8221; header_font=&#8221;|700|||||||&#8221; header_font_size=&#8221;19px&#8221; background_enable_color=&#8221;off&#8221; text_orientation=&#8221;center&#8221; display_conditions=&#8221;bnVsbA==&#8221; global_colors_info=&#8221;{}&#8221;]<\/p>\n<p>Ba\u00f1uelo: la recuperaci\u00f3n de un ba\u00f1o nazar\u00ed a trav\u00e9s de sus restauraciones<\/p>\n<p><\/p>\n<p>18 de mayo<\/p>\n<p>[\/et_pb_blurb][et_pb_button button_url=&#8221;@ET-DC@eyJkeW5hbWljIjp0cnVlLCJjb250ZW50IjoicG9zdF9saW5rX3VybF9wcm9kdWN0byIsInNldHRpbmdzIjp7InBvc3RfaWQiOiIxODUwNSJ9fQ==@&#8221; button_text=&#8221;Comprar entradas | 10,00\u20ac&#8221; button_alignment=&#8221;center&#8221; disabled_on=&#8221;off|off|off&#8221; _builder_version=&#8221;4.25.0&#8243; _dynamic_attributes=&#8221;button_url&#8221; _module_preset=&#8221;default&#8221; custom_button=&#8221;on&#8221; button_text_size=&#8221;14px&#8221; button_text_color=&#8221;#E02B20&#8243; button_bg_color=&#8221;#FFFFFF&#8221; button_border_width=&#8221;1px&#8221; button_border_color=&#8221;#dbccbb&#8221; button_font=&#8221;|||on|||||&#8221; button_icon=&#8221;&#xe07a;||divi||400&#8243; display_conditions=&#8221;bnVsbA==&#8221; custom_margin=&#8221;20px||20px||true|false&#8221; custom_padding=&#8221;10px||10px||true|false&#8221; global_colors_info=&#8221;{}&#8221;][\/et_pb_button][\/et_pb_column][\/et_pb_row][et_pb_row column_structure=&#8221;1_2,1_2&#8243; use_custom_gutter=&#8221;on&#8221; gutter_width=&#8221;2&#8243; make_equal=&#8221;on&#8221; disabled_on=&#8221;on|on|on&#8221; admin_label=&#8221;Zona_entradas&#8221; _builder_version=&#8221;4.25.1&#8243; _module_preset=&#8221;default&#8221; width=&#8221;73%&#8221; display_conditions=&#8221;bnVsbA==&#8221; disabled=&#8221;on&#8221; global_colors_info=&#8221;{}&#8221;][et_pb_column type=&#8221;1_2&#8243; _builder_version=&#8221;4.17.0&#8243; _module_preset=&#8221;default&#8221; background_color=&#8221;#f4f0ec&#8221; display_conditions=&#8221;bnVsbA==&#8221; global_colors_info=&#8221;{}&#8221;][et_pb_blurb title=&#8221;40 aniversario Declaraci\u00f3n Patrimonio Mundial&#8221; image=&#8221;https:\/\/alhambra-entradas.demo.iacpospre.com\/wp-content\/uploads\/2024\/05\/A0242-Robida-h.jpg&#8221; icon_alignment_tablet=&#8221;&#8221; icon_alignment_phone=&#8221;&#8221; icon_alignment_last_edited=&#8221;on|phone&#8221; disabled_on=&#8221;off|off|off&#8221; _builder_version=&#8221;4.25.1&#8243; _module_preset=&#8221;default&#8221; header_font=&#8221;|700|||||||&#8221; header_font_size=&#8221;19px&#8221; background_enable_color=&#8221;off&#8221; text_orientation=&#8221;center&#8221; display_conditions=&#8221;bnVsbA==&#8221; global_colors_info=&#8221;{}&#8221;]<\/p>\n<p>Famosas Torres Bermejas. Relumbrado Chapitel donde el sol se para y llega<\/p>\n<p><\/p>\n<p>24 de mayo<\/p>\n<p>[\/et_pb_blurb][et_pb_button button_url=&#8221;@ET-DC@eyJkeW5hbWljIjp0cnVlLCJjb250ZW50IjoicG9zdF9saW5rX3VybF9wcm9kdWN0byIsInNldHRpbmdzIjp7InBvc3RfaWQiOiIxODUxMyJ9fQ==@&#8221; button_text=&#8221;Comprar entradas | 10,00\u20ac&#8221; button_alignment=&#8221;center&#8221; disabled_on=&#8221;off|off|off&#8221; _builder_version=&#8221;4.25.0&#8243; _dynamic_attributes=&#8221;button_url&#8221; _module_preset=&#8221;default&#8221; custom_button=&#8221;on&#8221; button_text_size=&#8221;14px&#8221; button_text_color=&#8221;#E02B20&#8243; button_bg_color=&#8221;#FFFFFF&#8221; button_border_width=&#8221;1px&#8221; button_border_color=&#8221;#dbccbb&#8221; button_font=&#8221;|||on|||||&#8221; button_icon=&#8221;&#xe07a;||divi||400&#8243; display_conditions=&#8221;bnVsbA==&#8221; custom_margin=&#8221;20px||20px||true|false&#8221; custom_padding=&#8221;10px||10px||true|false&#8221; global_colors_info=&#8221;{}&#8221;][\/et_pb_button][\/et_pb_column][et_pb_column type=&#8221;1_2&#8243; disabled_on=&#8221;off|off|off&#8221; _builder_version=&#8221;4.21.0&#8243; _module_preset=&#8221;default&#8221; background_color=&#8221;#f4f0ec&#8221; display_conditions=&#8221;bnVsbA==&#8221; global_colors_info=&#8221;{}&#8221;][et_pb_blurb title=&#8221;40 aniversario Declaraci\u00f3n Patrimonio Mundial&#8221; image=&#8221;https:\/\/alhambra-entradas.demo.iacpospre.com\/wp-content\/uploads\/2024\/05\/Visita-a-galerias_LJGP_2.jpg&#8221; icon_alignment_tablet=&#8221;&#8221; icon_alignment_phone=&#8221;&#8221; icon_alignment_last_edited=&#8221;on|phone&#8221; disabled_on=&#8221;off|off|off&#8221; _builder_version=&#8221;4.25.1&#8243; _module_preset=&#8221;default&#8221; header_font=&#8221;|700|||||||&#8221; header_font_size=&#8221;19px&#8221; background_enable_color=&#8221;off&#8221; text_orientation=&#8221;center&#8221; display_conditions=&#8221;bnVsbA==&#8221; global_colors_info=&#8221;{}&#8221;]<\/p>\n<p>Galer\u00edas y oquedades subterr\u00e1neas en el entorno de la Alhambra<\/p>\n<p><\/p>\n<p>25 de mayo<\/p>\n<p>[\/et_pb_blurb][et_pb_button button_url=&#8221;@ET-DC@eyJkeW5hbWljIjp0cnVlLCJjb250ZW50IjoicG9zdF9saW5rX3VybF9wcm9kdWN0byIsInNldHRpbmdzIjp7InBvc3RfaWQiOiIxODUxNCJ9fQ==@&#8221; button_text=&#8221;Comprar entradas | 10,00\u20ac&#8221; button_alignment=&#8221;center&#8221; disabled_on=&#8221;off|off|off&#8221; _builder_version=&#8221;4.25.1&#8243; _dynamic_attributes=&#8221;button_url&#8221; _module_preset=&#8221;default&#8221; custom_button=&#8221;on&#8221; button_text_size=&#8221;14px&#8221; button_text_color=&#8221;#E02B20&#8243; button_bg_color=&#8221;#FFFFFF&#8221; button_border_width=&#8221;1px&#8221; button_border_color=&#8221;#dbccbb&#8221; button_font=&#8221;|||on|||||&#8221; button_icon=&#8221;&#xe07a;||divi||400&#8243; display_conditions=&#8221;bnVsbA==&#8221; custom_margin=&#8221;20px||20px||true|false&#8221; custom_padding=&#8221;10px||10px||true|false&#8221; global_colors_info=&#8221;{}&#8221;][\/et_pb_button][\/et_pb_column][\/et_pb_row][et_pb_row column_structure=&#8221;1_2,1_2&#8243; use_custom_gutter=&#8221;on&#8221; gutter_width=&#8221;2&#8243; make_equal=&#8221;on&#8221; disabled_on=&#8221;on|on|on&#8221; admin_label=&#8221;Zona_entradas&#8221; _builder_version=&#8221;4.25.1&#8243; _module_preset=&#8221;default&#8221; width=&#8221;73%&#8221; display_conditions=&#8221;bnVsbA==&#8221; disabled=&#8221;on&#8221; global_colors_info=&#8221;{}&#8221;][et_pb_column type=&#8221;1_2&#8243; _builder_version=&#8221;4.17.0&#8243; _module_preset=&#8221;default&#8221; background_color=&#8221;#f4f0ec&#8221; display_conditions=&#8221;bnVsbA==&#8221; global_colors_info=&#8221;{}&#8221;][et_pb_blurb title=&#8221;40 aniversario Declaraci\u00f3n Patrimonio Mundial&#8221; image=&#8221;https:\/\/alhambra-entradas.demo.iacpospre.com\/wp-content\/uploads\/2024\/05\/AcequiaReal.jpg&#8221; image_icon_width_tablet=&#8221;70%&#8221; image_icon_width_phone=&#8221;70%&#8221; image_icon_width_last_edited=&#8221;on|phone&#8221; disabled_on=&#8221;off|off|off&#8221; _builder_version=&#8221;4.25.1&#8243; _module_preset=&#8221;default&#8221; header_font=&#8221;|700|||||||&#8221; header_font_size=&#8221;19px&#8221; body_font_size=&#8221;12px&#8221; background_enable_color=&#8221;off&#8221; text_orientation=&#8221;center&#8221; display_conditions=&#8221;bnVsbA==&#8221; global_colors_info=&#8221;{}&#8221;]<\/p>\n<p>La Acequia Real y los sistemas hidr\u00e1ulicos de las almunias en la dehesa del Generalife<\/p>\n<p><\/p>\n<p>7 de junio<\/p>\n<p>[\/et_pb_blurb][et_pb_button button_url=&#8221;@ET-DC@eyJkeW5hbWljIjp0cnVlLCJjb250ZW50IjoicG9zdF9saW5rX3VybF9wcm9kdWN0byIsInNldHRpbmdzIjp7InBvc3RfaWQiOiIxODU0MiJ9fQ==@&#8221; button_text=&#8221;Comprar entradas | 10,00\u20ac&#8221; button_alignment=&#8221;center&#8221; disabled_on=&#8221;off|off|off&#8221; _builder_version=&#8221;4.25.1&#8243; _dynamic_attributes=&#8221;button_url&#8221; _module_preset=&#8221;default&#8221; custom_button=&#8221;on&#8221; button_text_size=&#8221;14px&#8221; button_text_color=&#8221;#E02B20&#8243; button_bg_color=&#8221;#FFFFFF&#8221; button_border_width=&#8221;1px&#8221; button_border_color=&#8221;#dbccbb&#8221; button_font=&#8221;|||on|||||&#8221; button_icon=&#8221;&#xe07a;||divi||400&#8243; display_conditions=&#8221;bnVsbA==&#8221; custom_margin=&#8221;20px||20px||true|false&#8221; custom_padding=&#8221;10px||10px||true|false&#8221; global_colors_info=&#8221;{}&#8221;][\/et_pb_button][\/et_pb_column][et_pb_column type=&#8221;1_2&#8243; disabled_on=&#8221;off|off|off&#8221; _builder_version=&#8221;4.21.0&#8243; _module_preset=&#8221;default&#8221; background_color=&#8221;#f4f0ec&#8221; display_conditions=&#8221;bnVsbA==&#8221; global_colors_info=&#8221;{}&#8221;][et_pb_blurb title=&#8221;40 aniversario Declaraci\u00f3n Patrimonio Mundial&#8221; image=&#8221;https:\/\/alhambra-entradas.demo.iacpospre.com\/wp-content\/uploads\/2024\/05\/DanzandosobrelosLeones.jpg&#8221; image_icon_width_tablet=&#8221;70%&#8221; image_icon_width_phone=&#8221;70%&#8221; image_icon_width_last_edited=&#8221;on|phone&#8221; disabled_on=&#8221;off|off|off&#8221; _builder_version=&#8221;4.25.1&#8243; _module_preset=&#8221;default&#8221; header_font=&#8221;|700|||||||&#8221; header_font_size=&#8221;19px&#8221; body_font_size=&#8221;12px&#8221; background_enable_color=&#8221;off&#8221; text_orientation=&#8221;center&#8221; display_conditions=&#8221;bnVsbA==&#8221; global_colors_info=&#8221;{}&#8221;]<\/p>\n<p>El teatro en la Alhambra y la Alhambra en el teatro<\/p>\n<p><\/p>\n<p>8 de junio<\/p>\n<p>[\/et_pb_blurb][et_pb_button button_url=&#8221;@ET-DC@eyJkeW5hbWljIjp0cnVlLCJjb250ZW50IjoicG9zdF9saW5rX3VybF9wcm9kdWN0byIsInNldHRpbmdzIjp7InBvc3RfaWQiOiIxODU0MyJ9fQ==@&#8221; button_text=&#8221;Comprar entradas | 10,00\u20ac&#8221; button_alignment=&#8221;center&#8221; disabled_on=&#8221;off|off|off&#8221; _builder_version=&#8221;4.25.1&#8243; _dynamic_attributes=&#8221;button_url&#8221; _module_preset=&#8221;default&#8221; custom_button=&#8221;on&#8221; button_text_size=&#8221;14px&#8221; button_text_color=&#8221;#E02B20&#8243; button_bg_color=&#8221;#FFFFFF&#8221; button_border_width=&#8221;1px&#8221; button_border_color=&#8221;#dbccbb&#8221; button_font=&#8221;|||on|||||&#8221; button_icon=&#8221;&#xe07a;||divi||400&#8243; display_conditions=&#8221;bnVsbA==&#8221; custom_margin=&#8221;20px||20px||true|false&#8221; custom_padding=&#8221;10px||10px||true|false&#8221; global_colors_info=&#8221;{}&#8221;][\/et_pb_button][\/et_pb_column][\/et_pb_row][et_pb_row column_structure=&#8221;1_2,1_2&#8243; use_custom_gutter=&#8221;on&#8221; gutter_width=&#8221;2&#8243; make_equal=&#8221;on&#8221; disabled_on=&#8221;on|on|on&#8221; admin_label=&#8221;Zona_entradas&#8221; _builder_version=&#8221;4.25.2&#8243; _module_preset=&#8221;default&#8221; width=&#8221;73%&#8221; display_conditions=&#8221;bnVsbA==&#8221; disabled=&#8221;on&#8221; global_colors_info=&#8221;{}&#8221;][et_pb_column type=&#8221;1_2&#8243; _builder_version=&#8221;4.17.0&#8243; _module_preset=&#8221;default&#8221; background_color=&#8221;#f4f0ec&#8221; display_conditions=&#8221;bnVsbA==&#8221; global_colors_info=&#8221;{}&#8221;][et_pb_blurb title=&#8221;40 aniversario Declaraci\u00f3n Patrimonio Mundial&#8221; image=&#8221;https:\/\/alhambra-entradas.demo.iacpospre.com\/wp-content\/uploads\/2024\/06\/hornodeloro.jpg&#8221; image_icon_width_tablet=&#8221;70%&#8221; image_icon_width_phone=&#8221;70%&#8221; image_icon_width_last_edited=&#8221;on|phone&#8221; disabled_on=&#8221;off|off|off&#8221; _builder_version=&#8221;4.25.1&#8243; _module_preset=&#8221;default&#8221; header_font=&#8221;|700|||||||&#8221; header_font_size=&#8221;19px&#8221; body_font_size=&#8221;13px&#8221; background_enable_color=&#8221;off&#8221; text_orientation=&#8221;center&#8221; display_conditions=&#8221;bnVsbA==&#8221; global_colors_info=&#8221;{}&#8221;]<\/p>\n<p>Axares: De barrio aristocr\u00e1tico isl\u00e1mico a residencia de la nobleza castellana<\/p>\n<p><\/p>\n<p>14 de junio<\/p>\n<p>[\/et_pb_blurb][et_pb_button button_url=&#8221;@ET-DC@eyJkeW5hbWljIjp0cnVlLCJjb250ZW50IjoicG9zdF9saW5rX3VybF9wcm9kdWN0byIsInNldHRpbmdzIjp7InBvc3RfaWQiOiIxOTA1MiJ9fQ==@&#8221; button_text=&#8221;Comprar entradas | 10,00\u20ac&#8221; button_alignment=&#8221;center&#8221; disabled_on=&#8221;off|off|off&#8221; _builder_version=&#8221;4.25.1&#8243; _dynamic_attributes=&#8221;button_url&#8221; _module_preset=&#8221;default&#8221; custom_button=&#8221;on&#8221; button_text_size=&#8221;14px&#8221; button_text_color=&#8221;#E02B20&#8243; button_bg_color=&#8221;#FFFFFF&#8221; button_border_width=&#8221;1px&#8221; button_border_color=&#8221;#dbccbb&#8221; button_font=&#8221;|||on|||||&#8221; button_icon=&#8221;&#xe07a;||divi||400&#8243; display_conditions=&#8221;bnVsbA==&#8221; custom_margin=&#8221;20px||20px||true|false&#8221; custom_padding=&#8221;10px||10px||true|false&#8221; global_colors_info=&#8221;{}&#8221;][\/et_pb_button][\/et_pb_column][et_pb_column type=&#8221;1_2&#8243; disabled_on=&#8221;off|off|off&#8221; _builder_version=&#8221;4.21.0&#8243; _module_preset=&#8221;default&#8221; background_color=&#8221;#f4f0ec&#8221; display_conditions=&#8221;bnVsbA==&#8221; global_colors_info=&#8221;{}&#8221;][et_pb_blurb title=&#8221;40 aniversario Declaraci\u00f3n Patrimonio Mundial&#8221; image=&#8221;https:\/\/alhambra-entradas.demo.iacpospre.com\/wp-content\/uploads\/2024\/06\/4.jpg&#8221; image_icon_width_tablet=&#8221;70%&#8221; image_icon_width_phone=&#8221;70%&#8221; image_icon_width_last_edited=&#8221;on|phone&#8221; disabled_on=&#8221;off|off|off&#8221; _builder_version=&#8221;4.25.1&#8243; _module_preset=&#8221;default&#8221; header_font=&#8221;|700|||||||&#8221; header_font_size=&#8221;19px&#8221; body_font_size=&#8221;13px&#8221; background_enable_color=&#8221;off&#8221; text_orientation=&#8221;center&#8221; display_conditions=&#8221;bnVsbA==&#8221; global_colors_info=&#8221;{}&#8221;]Las murallas de la Alhambra: Materia e imagen<\/p>\n<p>15 de junio[\/et_pb_blurb][et_pb_button button_url=&#8221;@ET-DC@eyJkeW5hbWljIjp0cnVlLCJjb250ZW50IjoicG9zdF9saW5rX3VybF9wcm9kdWN0byIsInNldHRpbmdzIjp7InBvc3RfaWQiOiIxOTA1NCJ9fQ==@&#8221; button_text=&#8221;Comprar entradas | 10,00\u20ac&#8221; button_alignment=&#8221;center&#8221; disabled_on=&#8221;off|off|off&#8221; _builder_version=&#8221;4.25.1&#8243; _dynamic_attributes=&#8221;button_url&#8221; _module_preset=&#8221;default&#8221; custom_button=&#8221;on&#8221; button_text_size=&#8221;14px&#8221; button_text_color=&#8221;#E02B20&#8243; button_bg_color=&#8221;#FFFFFF&#8221; button_border_width=&#8221;1px&#8221; button_border_color=&#8221;#dbccbb&#8221; button_font=&#8221;|||on|||||&#8221; button_icon=&#8221;&#xe07a;||divi||400&#8243; display_conditions=&#8221;bnVsbA==&#8221; custom_margin=&#8221;20px||20px||true|false&#8221; custom_padding=&#8221;10px||10px||true|false&#8221; global_colors_info=&#8221;{}&#8221;][\/et_pb_button][\/et_pb_column][\/et_pb_row][et_pb_row column_structure=&#8221;1_2,1_2&#8243; use_custom_gutter=&#8221;on&#8221; gutter_width=&#8221;2&#8243; make_equal=&#8221;on&#8221; disabled_on=&#8221;off|off|off&#8221; admin_label=&#8221;Zona_entradas&#8221; _builder_version=&#8221;4.21.0&#8243; _module_preset=&#8221;default&#8221; width=&#8221;73%&#8221; display_conditions=&#8221;bnVsbA==&#8221; global_colors_info=&#8221;{}&#8221;][et_pb_column type=&#8221;1_2&#8243; _builder_version=&#8221;4.17.0&#8243; _module_preset=&#8221;default&#8221; background_color=&#8221;#f4f0ec&#8221; display_conditions=&#8221;bnVsbA==&#8221; global_colors_info=&#8221;{}&#8221;][et_pb_blurb title=&#8221;40 aniversario Declaraci\u00f3n Patrimonio Mundial&#8221; image=&#8221;https:\/\/alhambra-entradas.demo.iacpospre.com\/wp-content\/uploads\/2024\/06\/BLindez5.jpg&#8221; image_icon_width_tablet=&#8221;70%&#8221; image_icon_width_phone=&#8221;70%&#8221; image_icon_width_last_edited=&#8221;on|phone&#8221; disabled_on=&#8221;off|off|off&#8221; _builder_version=&#8221;4.25.2&#8243; _module_preset=&#8221;default&#8221; header_font=&#8221;|700|||||||&#8221; header_font_size=&#8221;19px&#8221; background_enable_color=&#8221;off&#8221; text_orientation=&#8221;center&#8221; display_conditions=&#8221;bnVsbA==&#8221; global_colors_info=&#8221;{}&#8221;]<\/p>\n<p>Patrimonio Alhambra: La luz, arquitectura y composici\u00f3n<\/p>\n<p><\/p>\n<p>21 de junio<\/p>\n<p>[\/et_pb_blurb][et_pb_button button_url=&#8221;@ET-DC@eyJkeW5hbWljIjp0cnVlLCJjb250ZW50IjoicG9zdF9saW5rX3VybF9wcm9kdWN0byIsInNldHRpbmdzIjp7InBvc3RfaWQiOiIxOTE3MSJ9fQ==@&#8221; button_text=&#8221;Comprar entradas | 10,00\u20ac&#8221; button_alignment=&#8221;center&#8221; disabled_on=&#8221;off|off|off&#8221; _builder_version=&#8221;4.25.1&#8243; _dynamic_attributes=&#8221;button_url&#8221; _module_preset=&#8221;default&#8221; custom_button=&#8221;on&#8221; button_text_size=&#8221;14px&#8221; button_text_color=&#8221;#E02B20&#8243; button_bg_color=&#8221;#FFFFFF&#8221; button_border_width=&#8221;1px&#8221; button_border_color=&#8221;#dbccbb&#8221; button_font=&#8221;|||on|||||&#8221; button_icon=&#8221;&#xe07a;||divi||400&#8243; display_conditions=&#8221;bnVsbA==&#8221; custom_margin=&#8221;20px||20px||true|false&#8221; custom_padding=&#8221;10px||10px||true|false&#8221; global_colors_info=&#8221;{}&#8221;][\/et_pb_button][\/et_pb_column][et_pb_column type=&#8221;1_2&#8243; disabled_on=&#8221;off|off|off&#8221; _builder_version=&#8221;4.21.0&#8243; _module_preset=&#8221;default&#8221; background_color=&#8221;#f4f0ec&#8221; display_conditions=&#8221;bnVsbA==&#8221; global_colors_info=&#8221;{}&#8221;][et_pb_blurb title=&#8221;40 aniversario Declaraci\u00f3n Patrimonio Mundial&#8221; image=&#8221;https:\/\/alhambra-entradas.demo.iacpospre.com\/wp-content\/uploads\/2024\/06\/plataformadegranada.jpg&#8221; image_icon_width_tablet=&#8221;70%&#8221; image_icon_width_phone=&#8221;70%&#8221; image_icon_width_last_edited=&#8221;on|phone&#8221; disabled_on=&#8221;off|off|off&#8221; _builder_version=&#8221;4.25.1&#8243; _module_preset=&#8221;default&#8221; header_font=&#8221;|700|||||||&#8221; header_font_size=&#8221;19px&#8221; background_enable_color=&#8221;off&#8221; text_orientation=&#8221;center&#8221; display_conditions=&#8221;bnVsbA==&#8221; global_colors_info=&#8221;{}&#8221;]<\/p>\n<p>Un paseo por la historia y arqueolog\u00eda en el Carmen de los catalanes<\/p>\n<p><\/p>\n<p>22 de junio<\/p>\n<p>[\/et_pb_blurb][et_pb_button button_url=&#8221;@ET-DC@eyJkeW5hbWljIjp0cnVlLCJjb250ZW50IjoicG9zdF9saW5rX3VybF9wcm9kdWN0byIsInNldHRpbmdzIjp7InBvc3RfaWQiOiIxOTE3MyJ9fQ==@&#8221; button_text=&#8221;Comprar entradas | 10,00\u20ac&#8221; button_alignment=&#8221;center&#8221; disabled_on=&#8221;off|off|off&#8221; _builder_version=&#8221;4.25.1&#8243; _dynamic_attributes=&#8221;button_url&#8221; _module_preset=&#8221;default&#8221; custom_button=&#8221;on&#8221; button_text_size=&#8221;14px&#8221; button_text_color=&#8221;#E02B20&#8243; button_bg_color=&#8221;#FFFFFF&#8221; button_border_width=&#8221;1px&#8221; button_border_color=&#8221;#dbccbb&#8221; button_font=&#8221;|||on|||||&#8221; button_icon=&#8221;&#xe07a;||divi||400&#8243; display_conditions=&#8221;bnVsbA==&#8221; custom_margin=&#8221;20px||20px||true|false&#8221; custom_padding=&#8221;10px||10px||true|false&#8221; global_colors_info=&#8221;{}&#8221;][\/et_pb_button][\/et_pb_column][\/et_pb_row][et_pb_row column_structure=&#8221;1_2,1_2&#8243; use_custom_gutter=&#8221;on&#8221; gutter_width=&#8221;2&#8243; make_equal=&#8221;on&#8221; disabled_on=&#8221;on|on|on&#8221; admin_label=&#8221;Zona_entradas&#8221; _builder_version=&#8221;4.25.0&#8243; _module_preset=&#8221;default&#8221; width=&#8221;73%&#8221; display_conditions=&#8221;bnVsbA==&#8221; disabled=&#8221;on&#8221; global_colors_info=&#8221;{}&#8221;][et_pb_column type=&#8221;1_2&#8243; _builder_version=&#8221;4.17.0&#8243; _module_preset=&#8221;default&#8221; background_color=&#8221;#f4f0ec&#8221; display_conditions=&#8221;bnVsbA==&#8221; global_colors_info=&#8221;{}&#8221;][et_pb_blurb title=&#8221;Conociendo a Leopoldo Torres Balb\u00e1s&#8221; image=&#8221;https:\/\/alhambra-entradas.demo.iacpospre.com\/wp-content\/uploads\/2023\/09\/ES-18-116_Coleccion_Planos_P-006114.jpg&#8221; image_icon_width_tablet=&#8221;70%&#8221; image_icon_width_phone=&#8221;70%&#8221; image_icon_width_last_edited=&#8221;on|phone&#8221; disabled_on=&#8221;off|off|off&#8221; _builder_version=&#8221;4.22.1&#8243; _module_preset=&#8221;default&#8221; header_font=&#8221;|700|||||||&#8221; header_font_size=&#8221;19px&#8221; background_enable_color=&#8221;off&#8221; text_orientation=&#8221;center&#8221; display_conditions=&#8221;bnVsbA==&#8221; global_colors_info=&#8221;{}&#8221;]<\/p>\n<p>Intervenciones en los espacios verdes del Generalife<\/p>\n<p><\/p>\n<p>22 de septiembre<\/p>\n<p>[\/et_pb_blurb][et_pb_button button_url=&#8221;@ET-DC@eyJkeW5hbWljIjp0cnVlLCJjb250ZW50IjoicG9zdF9saW5rX3VybF9wcm9kdWN0byIsInNldHRpbmdzIjp7InBvc3RfaWQiOiIxNzMwNSJ9fQ==@&#8221; button_text=&#8221;Comprar entradas | 10,00\u20ac&#8221; button_alignment=&#8221;center&#8221; disabled_on=&#8221;off|off|off&#8221; _builder_version=&#8221;4.22.1&#8243; _dynamic_attributes=&#8221;button_url&#8221; _module_preset=&#8221;default&#8221; custom_button=&#8221;on&#8221; button_text_size=&#8221;14px&#8221; button_text_color=&#8221;#E02B20&#8243; button_bg_color=&#8221;#FFFFFF&#8221; button_border_width=&#8221;1px&#8221; button_border_color=&#8221;#dbccbb&#8221; button_font=&#8221;|||on|||||&#8221; button_icon=&#8221;&#xe07a;||divi||400&#8243; display_conditions=&#8221;bnVsbA==&#8221; custom_margin=&#8221;20px||20px||true|false&#8221; custom_padding=&#8221;10px||10px||true|false&#8221; global_colors_info=&#8221;{}&#8221;][\/et_pb_button][\/et_pb_column][et_pb_column type=&#8221;1_2&#8243; disabled_on=&#8221;off|off|off&#8221; _builder_version=&#8221;4.21.0&#8243; _module_preset=&#8221;default&#8221; background_color=&#8221;#f4f0ec&#8221; display_conditions=&#8221;bnVsbA==&#8221; global_colors_info=&#8221;{}&#8221;][et_pb_blurb title=&#8221;Conociendo a Leopoldo Torres Balb\u00e1s&#8221; image=&#8221;https:\/\/alhambra-entradas.demo.iacpospre.com\/wp-content\/uploads\/2023\/04\/ES-18-116_Coleccion-Dibujos_D-0190-2.jpg&#8221; image_icon_width=&#8221;76%&#8221; _builder_version=&#8221;4.22.1&#8243; _module_preset=&#8221;default&#8221; header_font=&#8221;|700|||||||&#8221; header_font_size=&#8221;19px&#8221; background_enable_color=&#8221;off&#8221; text_orientation=&#8221;center&#8221; display_conditions=&#8221;bnVsbA==&#8221; global_colors_info=&#8221;{}&#8221;]<\/p>\n<p>La epigraf\u00eda de la Alhambra cien a\u00f1os despu\u00e9s de Torres Balb\u00e1s<\/p>\n<p><\/p>\n<p>23 de septiembre<\/p>\n<p>[\/et_pb_blurb][et_pb_button button_url=&#8221;@ET-DC@eyJkeW5hbWljIjp0cnVlLCJjb250ZW50IjoicG9zdF9saW5rX3VybF9wcm9kdWN0byIsInNldHRpbmdzIjp7InBvc3RfaWQiOiIxNzMwOCJ9fQ==@&#8221; button_text=&#8221;Comprar entradas | 10,00\u20ac&#8221; button_alignment=&#8221;center&#8221; _builder_version=&#8221;4.22.1&#8243; _dynamic_attributes=&#8221;button_url&#8221; _module_preset=&#8221;default&#8221; custom_button=&#8221;on&#8221; button_text_size=&#8221;14px&#8221; button_text_color=&#8221;#E02B20&#8243; button_bg_color=&#8221;#FFFFFF&#8221; button_border_width=&#8221;1px&#8221; button_border_color=&#8221;#dbccbb&#8221; button_font=&#8221;|||on|||||&#8221; button_icon=&#8221;&#xe07a;||divi||400&#8243; display_conditions=&#8221;bnVsbA==&#8221; custom_margin=&#8221;20px||20px||true|false&#8221; custom_padding=&#8221;10px||10px||true|false&#8221; global_colors_info=&#8221;{}&#8221;][\/et_pb_button][\/et_pb_column][\/et_pb_row][et_pb_row column_structure=&#8221;1_3,1_3,1_3&#8243; use_custom_gutter=&#8221;on&#8221; gutter_width=&#8221;2&#8243; make_equal=&#8221;on&#8221; disabled_on=&#8221;on|on|on&#8221; admin_label=&#8221;Zona_entradas&#8221; _builder_version=&#8221;4.17.3&#8243; _module_preset=&#8221;default&#8221; display_conditions=&#8221;bnVsbA==&#8221; disabled=&#8221;on&#8221; global_colors_info=&#8221;{}&#8221;][et_pb_column type=&#8221;1_3&#8243; _builder_version=&#8221;4.17.0&#8243; _module_preset=&#8221;default&#8221; background_color=&#8221;#f4f0ec&#8221; display_conditions=&#8221;bnVsbA==&#8221; global_colors_info=&#8221;{}&#8221;][et_pb_blurb title=&#8221;Por el agua honda. arquitecturas, hidr\u00e1ulicas y cadencia&#8221; image=&#8221;https:\/\/alhambra-entradas.demo.iacpospre.com\/wp-content\/uploads\/2022\/04\/ES-18-116_Coleccion-Fotografias_F-005399-copia.jpg&#8221; disabled_on=&#8221;off|off|off&#8221; _builder_version=&#8221;4.17.3&#8243; _module_preset=&#8221;default&#8221; header_font=&#8221;|700|||||||&#8221; background_enable_color=&#8221;off&#8221; text_orientation=&#8221;center&#8221; display_conditions=&#8221;bnVsbA==&#8221; global_colors_info=&#8221;{}&#8221;]<\/p>\n<p>13 de mayo<\/p>\n<p>[\/et_pb_blurb][et_pb_button button_url=&#8221;@ET-DC@eyJkeW5hbWljIjp0cnVlLCJjb250ZW50IjoicG9zdF9saW5rX3VybF9wcm9kdWN0byIsInNldHRpbmdzIjp7InBvc3RfaWQiOiIxMTEyNCJ9fQ==@&#8221; button_text=&#8221;Acquista ora | 9,00\u20ac&#8221; button_alignment=&#8221;center&#8221; _builder_version=&#8221;4.17.3&#8243; _dynamic_attributes=&#8221;button_url&#8221; _module_preset=&#8221;default&#8221; custom_button=&#8221;on&#8221; button_text_size=&#8221;14px&#8221; button_text_color=&#8221;#E02B20&#8243; button_bg_color=&#8221;#FFFFFF&#8221; button_border_width=&#8221;1px&#8221; button_border_color=&#8221;#dbccbb&#8221; button_font=&#8221;|||on|||||&#8221; button_icon=&#8221;&#xe07a;||divi||400&#8243; display_conditions=&#8221;bnVsbA==&#8221; custom_margin=&#8221;20px||20px||true|false&#8221; custom_padding=&#8221;10px||10px||true|false&#8221; global_colors_info=&#8221;{}&#8221;][\/et_pb_button][\/et_pb_column][et_pb_column type=&#8221;1_3&#8243; disabled_on=&#8221;off|off|off&#8221; _builder_version=&#8221;4.17.0&#8243; _module_preset=&#8221;default&#8221; background_color=&#8221;#f4f0ec&#8221; display_conditions=&#8221;bnVsbA==&#8221; global_colors_info=&#8221;{}&#8221;][et_pb_blurb title=&#8221;La Alhambra Literaria&#8221; image=&#8221;https:\/\/alhambra-entradas.demo.iacpospre.com\/wp-content\/uploads\/2022\/04\/ES-18-116_Coleccion-Fotografias_F-005042.jpg&#8221; _builder_version=&#8221;4.17.3&#8243; _module_preset=&#8221;default&#8221; header_font=&#8221;|700|||||||&#8221; background_enable_color=&#8221;off&#8221; text_orientation=&#8221;center&#8221; display_conditions=&#8221;bnVsbA==&#8221; global_colors_info=&#8221;{}&#8221;]<\/p>\n<p>15 de mayo<\/p>\n<p>[\/et_pb_blurb][et_pb_button button_url=&#8221;@ET-DC@eyJkeW5hbWljIjp0cnVlLCJjb250ZW50IjoicG9zdF9saW5rX3VybF9wcm9kdWN0byIsInNldHRpbmdzIjp7InBvc3RfaWQiOiIxMTEyNiJ9fQ==@&#8221; button_text=&#8221;Acquista ora | 9,00\u20ac&#8221; button_alignment=&#8221;center&#8221; _builder_version=&#8221;4.17.3&#8243; _dynamic_attributes=&#8221;button_url&#8221; _module_preset=&#8221;default&#8221; custom_button=&#8221;on&#8221; button_text_size=&#8221;14px&#8221; button_text_color=&#8221;#E02B20&#8243; button_bg_color=&#8221;#FFFFFF&#8221; button_border_width=&#8221;1px&#8221; button_border_color=&#8221;#dbccbb&#8221; button_font=&#8221;|||on|||||&#8221; button_icon=&#8221;&#xe07a;||divi||400&#8243; display_conditions=&#8221;bnVsbA==&#8221; custom_margin=&#8221;20px||20px||true|false&#8221; custom_padding=&#8221;10px||10px||true|false&#8221; global_colors_info=&#8221;{}&#8221;][\/et_pb_button][\/et_pb_column][et_pb_column type=&#8221;1_3&#8243; disabled_on=&#8221;off|off|off&#8221; _builder_version=&#8221;4.17.0&#8243; _module_preset=&#8221;default&#8221; background_color=&#8221;#f4f0ec&#8221; display_conditions=&#8221;bnVsbA==&#8221; global_colors_info=&#8221;{}&#8221;][et_pb_blurb title=&#8221;Cante Jondo de 1922 en la Alhambra y Entorno&#8221; image=&#8221;https:\/\/alhambra-entradas.demo.iacpospre.com\/wp-content\/uploads\/2022\/04\/ES-18-116_Coleccion-Fotografias_F-005090-2-e1662973925678.jpg&#8221; _builder_version=&#8221;4.17.3&#8243; _module_preset=&#8221;default&#8221; header_font=&#8221;|700|||||||&#8221; background_enable_color=&#8221;off&#8221; text_orientation=&#8221;center&#8221; display_conditions=&#8221;bnVsbA==&#8221; global_colors_info=&#8221;{}&#8221;]<\/p>\n<p>21 de mayo<\/p>\n<p>[\/et_pb_blurb][et_pb_button button_url=&#8221;@ET-DC@eyJkeW5hbWljIjp0cnVlLCJjb250ZW50IjoicG9zdF9saW5rX3VybF9wcm9kdWN0byIsInNldHRpbmdzIjp7InBvc3RfaWQiOiIxMTY1MCJ9fQ==@&#8221; button_text=&#8221;Acquista ora | 9,00\u20ac&#8221; button_alignment=&#8221;center&#8221; _builder_version=&#8221;4.17.3&#8243; _dynamic_attributes=&#8221;button_url&#8221; _module_preset=&#8221;default&#8221; custom_button=&#8221;on&#8221; button_text_size=&#8221;14px&#8221; button_text_color=&#8221;#E02B20&#8243; button_bg_color=&#8221;#FFFFFF&#8221; button_border_width=&#8221;1px&#8221; button_border_color=&#8221;#dbccbb&#8221; button_font=&#8221;|||on|||||&#8221; button_icon=&#8221;&#xe07a;||divi||400&#8243; display_conditions=&#8221;bnVsbA==&#8221; custom_margin=&#8221;20px||20px||true|false&#8221; custom_padding=&#8221;10px||10px||true|false&#8221; global_colors_info=&#8221;{}&#8221;][\/et_pb_button][\/et_pb_column][\/et_pb_row][\/et_pb_section][et_pb_section fb_built=&#8221;1&#8243; disabled_on=&#8221;on|on|on&#8221; _builder_version=&#8221;4.23.1&#8243; _module_preset=&#8221;default&#8221; use_background_color_gradient=&#8221;on&#8221; background_image=&#8221;https:\/\/alhambra-entradas.demo.iacpospre.com\/wp-content\/uploads\/2021\/11\/diapatrimonio.jpg&#8221; display_conditions=&#8221;bnVsbA==&#8221; background_last_edited=&#8221;on|tablet&#8221; parallax_tablet=&#8221;off&#8221; background_size_tablet=&#8221;cover&#8221; disabled=&#8221;on&#8221; global_colors_info=&#8221;{}&#8221;][et_pb_row _builder_version=&#8221;4.18.0&#8243; _module_preset=&#8221;default&#8221; background_color=&#8221;rgba(91,44,0,0.61)&#8221; display_conditions=&#8221;bnVsbA==&#8221; global_colors_info=&#8221;{}&#8221;][et_pb_column type=&#8221;4_4&#8243; _builder_version=&#8221;4.16&#8243; _module_preset=&#8221;default&#8221; display_conditions=&#8221;bnVsbA==&#8221; global_colors_info=&#8221;{}&#8221;][et_pb_text _builder_version=&#8221;4.18.0&#8243; _module_preset=&#8221;default&#8221; text_text_color=&#8221;#FFFFFF&#8221; text_font_size=&#8221;35px&#8221; text_orientation=&#8221;center&#8221; display_conditions=&#8221;bnVsbA==&#8221; text_font_size_tablet=&#8221;28px&#8221; text_font_size_phone=&#8221;24px&#8221; text_font_size_last_edited=&#8221;on|phone&#8221; global_colors_info=&#8221;{}&#8221;]<\/p>\n<p>16 novembre, <strong>Giornata Internazionale del Patrimonio Mondiale<\/strong><\/p>\n<p>[\/et_pb_text][\/et_pb_column][\/et_pb_row][et_pb_row column_structure=&#8221;1_2,1_2&#8243; _builder_version=&#8221;4.16&#8243; _module_preset=&#8221;default&#8221; background_color=&#8221;#FFFFFF&#8221; background_color_gradient_start=&#8221;#ffffff&#8221; background_color_gradient_end=&#8221;rgba(0,0,0,0.22)&#8221; background_enable_image=&#8221;off&#8221; display_conditions=&#8221;bnVsbA==&#8221; custom_margin=&#8221;10px||10px||true|false&#8221; custom_padding=&#8221;||||false|false&#8221; global_colors_info=&#8221;{}&#8221;][et_pb_column type=&#8221;1_2&#8243; _builder_version=&#8221;4.16&#8243; _module_preset=&#8221;default&#8221; display_conditions=&#8221;bnVsbA==&#8221; global_colors_info=&#8221;{}&#8221;][et_pb_text _builder_version=&#8221;4.18.0&#8243; _module_preset=&#8221;default&#8221; text_font=&#8221;Verdana||||||||&#8221; text_font_size=&#8221;20px&#8221; text_orientation=&#8221;center&#8221; display_conditions=&#8221;bnVsbA==&#8221; global_colors_info=&#8221;{}&#8221;]<\/p>\n<p>Visita &#8220;Alhambra Generale&#8221;<\/p>\n<p>[\/et_pb_text][\/et_pb_column][et_pb_column type=&#8221;1_2&#8243; _builder_version=&#8221;4.16&#8243; _module_preset=&#8221;default&#8221; display_conditions=&#8221;bnVsbA==&#8221; global_colors_info=&#8221;{}&#8221;][et_pb_button button_url=&#8221;@ET-DC@eyJkeW5hbWljIjp0cnVlLCJjb250ZW50IjoicG9zdF9saW5rX3VybF9wcm9kdWN0byIsInNldHRpbmdzIjp7InBvc3RfaWQiOiIxMzA5OSJ9fQ==@&#8221; button_text=&#8221;INVITI&#8221; button_alignment=&#8221;center&#8221; _builder_version=&#8221;4.23&#8243; _dynamic_attributes=&#8221;button_url&#8221; _module_preset=&#8221;default&#8221; custom_button=&#8221;on&#8221; button_text_size=&#8221;14px&#8221; button_text_color=&#8221;#FFFFFF&#8221; button_bg_color=&#8221;#976d3b&#8221; button_border_width=&#8221;1px&#8221; button_border_color=&#8221;#976d3b&#8221; button_use_icon=&#8221;off&#8221; display_conditions=&#8221;bnVsbA==&#8221; global_colors_info=&#8221;{}&#8221;][\/et_pb_button][\/et_pb_column][\/et_pb_row][et_pb_row column_structure=&#8221;1_2,1_2&#8243; _builder_version=&#8221;4.16&#8243; _module_preset=&#8221;default&#8221; background_color=&#8221;#FFFFFF&#8221; background_color_gradient_start=&#8221;#ffffff&#8221; background_color_gradient_end=&#8221;rgba(0,0,0,0.22)&#8221; background_enable_image=&#8221;off&#8221; display_conditions=&#8221;bnVsbA==&#8221; global_colors_info=&#8221;{}&#8221;][et_pb_column type=&#8221;1_2&#8243; _builder_version=&#8221;4.16&#8243; _module_preset=&#8221;default&#8221; display_conditions=&#8221;bnVsbA==&#8221; global_colors_info=&#8221;{}&#8221;][et_pb_text _builder_version=&#8221;4.18.0&#8243; _module_preset=&#8221;default&#8221; text_font=&#8221;Verdana||||||||&#8221; text_font_size=&#8221;20px&#8221; text_orientation=&#8221;center&#8221; display_conditions=&#8221;bnVsbA==&#8221; custom_margin=&#8221;||||false|false&#8221; custom_padding=&#8221;||||false|false&#8221; global_colors_info=&#8221;{}&#8221;]<\/p>\n<p>Visita &#8220;Giardini, Generalife e Alcazaba&#8221;<\/p>\n<p>[\/et_pb_text][\/et_pb_column][et_pb_column type=&#8221;1_2&#8243; _builder_version=&#8221;4.16&#8243; _module_preset=&#8221;default&#8221; display_conditions=&#8221;bnVsbA==&#8221; global_colors_info=&#8221;{}&#8221;][et_pb_button button_url=&#8221;@ET-DC@eyJkeW5hbWljIjp0cnVlLCJjb250ZW50IjoicG9zdF9saW5rX3VybF9wcm9kdWN0byIsInNldHRpbmdzIjp7InBvc3RfaWQiOiIxMzA3MCJ9fQ==@&#8221; button_text=&#8221;INVITI&#8221; button_alignment=&#8221;center&#8221; _builder_version=&#8221;4.23&#8243; _dynamic_attributes=&#8221;button_url&#8221; _module_preset=&#8221;default&#8221; custom_button=&#8221;on&#8221; button_text_size=&#8221;14px&#8221; button_text_color=&#8221;#FFFFFF&#8221; button_bg_color=&#8221;#976d3b&#8221; button_border_width=&#8221;1px&#8221; button_border_color=&#8221;#976d3b&#8221; button_use_icon=&#8221;off&#8221; display_conditions=&#8221;bnVsbA==&#8221; global_colors_info=&#8221;{}&#8221;][\/et_pb_button][\/et_pb_column][\/et_pb_row][\/et_pb_section][et_pb_section fb_built=&#8221;1&#8243; custom_padding_last_edited=&#8221;on|desktop&#8221; disabled_on=&#8221;on|on|on&#8221; _builder_version=&#8221;4.23.4&#8243; _module_preset=&#8221;default&#8221; background_image=&#8221;https:\/\/alhambra-entradas.demo.iacpospre.com\/wp-content\/uploads\/2023\/11\/panoramica2.jpg&#8221; display_conditions=&#8221;bnVsbA==&#8221; custom_margin=&#8221;||40px||false|false&#8221; custom_padding=&#8221;26vw||1vw||false|false&#8221; custom_padding_tablet=&#8221;25vw||||false|false&#8221; custom_padding_phone=&#8221;4vw||1vw||false|false&#8221; background_last_edited=&#8221;on|phone&#8221; parallax_tablet=&#8221;off&#8221; background_size_tablet=&#8221;cover&#8221; disabled=&#8221;on&#8221; global_colors_info=&#8221;{}&#8221;][et_pb_row custom_padding_last_edited=&#8221;on|desktop&#8221; _builder_version=&#8221;4.23.1&#8243; _module_preset=&#8221;default&#8221; background_color=&#8221;#8C6536&#8243; width=&#8221;90%&#8221; max_width=&#8221;1220px&#8221; display_conditions=&#8221;bnVsbA==&#8221; custom_padding=&#8221;2vw||2vw||true|false&#8221; custom_padding_tablet=&#8221;||||true|false&#8221; custom_padding_phone=&#8221;||||true|false&#8221; global_colors_info=&#8221;{}&#8221;][et_pb_column type=&#8221;4_4&#8243; _builder_version=&#8221;4.16&#8243; _module_preset=&#8221;default&#8221; display_conditions=&#8221;bnVsbA==&#8221; global_colors_info=&#8221;{}&#8221;][et_pb_text _builder_version=&#8221;4.23.1&#8243; _module_preset=&#8221;default&#8221; text_text_color=&#8221;#FFFFFF&#8221; text_font_size=&#8221;35px&#8221; text_orientation=&#8221;center&#8221; display_conditions=&#8221;bnVsbA==&#8221; text_font_size_tablet=&#8221;24px&#8221; text_font_size_phone=&#8221;20px&#8221; text_font_size_last_edited=&#8221;on|phone&#8221; global_colors_info=&#8221;{}&#8221;]<\/p>\n<p>Torre de la Vela<\/p>\n<p>[\/et_pb_text][\/et_pb_column][\/et_pb_row][et_pb_row column_structure=&#8221;1_2,1_2&#8243; use_custom_gutter=&#8221;on&#8221; gutter_width=&#8221;2&#8243; custom_padding_last_edited=&#8221;on|phone&#8221; _builder_version=&#8221;4.23.1&#8243; _module_preset=&#8221;default&#8221; background_color=&#8221;#FFFFFF&#8221; background_color_gradient_start=&#8221;#ffffff&#8221; background_color_gradient_end=&#8221;rgba(0,0,0,0.22)&#8221; background_enable_image=&#8221;off&#8221; width=&#8221;90%&#8221; max_width=&#8221;1220px&#8221; max_width_tablet=&#8221;&#8221; max_width_phone=&#8221;&#8221; max_width_last_edited=&#8221;on|desktop&#8221; display_conditions=&#8221;bnVsbA==&#8221; custom_margin=&#8221;10px||10px||true|false&#8221; custom_margin_tablet=&#8221;5px||5px||true|false&#8221; custom_margin_phone=&#8221;2px||2px||true|false&#8221; custom_margin_last_edited=&#8221;on|phone&#8221; custom_padding=&#8221;3vw||3vw||true|false&#8221; custom_padding_tablet=&#8221;||||true|false&#8221; custom_padding_phone=&#8221;||||true|false&#8221; global_colors_info=&#8221;{}&#8221;][et_pb_column type=&#8221;1_2&#8243; _builder_version=&#8221;4.16&#8243; _module_preset=&#8221;default&#8221; display_conditions=&#8221;bnVsbA==&#8221; global_colors_info=&#8221;{}&#8221;][et_pb_text _builder_version=&#8221;4.23.1&#8243; _module_preset=&#8221;default&#8221; text_font=&#8221;Verdana||||||||&#8221; text_font_size=&#8221;24px&#8221; text_orientation=&#8221;center&#8221; display_conditions=&#8221;bnVsbA==&#8221; custom_margin=&#8221;||||false|false&#8221; custom_padding=&#8221;10px||||false|false&#8221; text_font_size_tablet=&#8221;18px&#8221; text_font_size_phone=&#8221;14px&#8221; text_font_size_last_edited=&#8221;on|phone&#8221; global_colors_info=&#8221;{}&#8221;]<\/p>\n<p>Visita Torre de la Vela d\u00eda 2 de enero<\/p>\n<p>[\/et_pb_text][\/et_pb_column][et_pb_column type=&#8221;1_2&#8243; _builder_version=&#8221;4.16&#8243; _module_preset=&#8221;default&#8221; display_conditions=&#8221;bnVsbA==&#8221; global_colors_info=&#8221;{}&#8221;][et_pb_button button_url=&#8221;@ET-DC@eyJkeW5hbWljIjp0cnVlLCJjb250ZW50IjoicG9zdF9saW5rX3VybF9wcm9kdWN0byIsInNldHRpbmdzIjp7InBvc3RfaWQiOiIxODA3NCJ9fQ==@&#8221; button_text=&#8221;INVITI&#8221; button_alignment=&#8221;center&#8221; _builder_version=&#8221;4.23.1&#8243; _dynamic_attributes=&#8221;button_url&#8221; _module_preset=&#8221;default&#8221; custom_button=&#8221;on&#8221; button_text_size=&#8221;20px&#8221; button_text_color=&#8221;#FFFFFF&#8221; button_bg_color=&#8221;#976d3b&#8221; button_border_width=&#8221;1px&#8221; button_border_color=&#8221;#976d3b&#8221; button_use_icon=&#8221;off&#8221; display_conditions=&#8221;bnVsbA==&#8221; button_text_size_tablet=&#8221;18px&#8221; button_text_size_phone=&#8221;14px&#8221; button_text_size_last_edited=&#8221;on|phone&#8221; global_colors_info=&#8221;{}&#8221;][\/et_pb_button][\/et_pb_column][\/et_pb_row][\/et_pb_section][et_pb_section fb_built=&#8221;1&#8243; fullwidth=&#8221;on&#8221; _builder_version=&#8221;4.23.1&#8243; _module_preset=&#8221;default&#8221; global_colors_info=&#8221;{}&#8221;][et_pb_fullwidth_image _builder_version=&#8221;4.23.1&#8243; _module_preset=&#8221;default&#8221; global_colors_info=&#8221;{}&#8221;][\/et_pb_fullwidth_image][\/et_pb_section]<\/p>\n","protected":false},"excerpt":{"rendered":"<p>Importante Per accedere al complesso monumentale \u00e8 obbligatorio carta di identit\u00e0 o passaporto originali agli ingressi. Puntualit\u00e0 al momento dell&#8217;accesso ai Palazzi Nasridi. Portare con s\u00e9 il biglietto con QR code in formato cartaceo o digitale (anche per i minori di 12 anni). I bambini sotto i 12 anni\u00a0devono portare il proprio biglietto (gratuito). 5. [&hellip;]<\/p>\n","protected":false},"author":1,"featured_media":0,"parent":0,"menu_order":0,"comment_status":"closed","ping_status":"closed","template":"","meta":{"_acf_changed":false,"_et_pb_use_builder":"on","_et_pb_old_content":"","_et_gb_content_width":"","footnotes":""},"class_list":["post-6540","page","type-page","status-publish","hentry"],"acf":[],"yoast_head":"<!-- This site is optimized with the Yoast SEO plugin v27.4 - https:\/\/yoast.com\/product\/yoast-seo-wordpress\/ -->\n<title>Home-italiano - Tickets Alhambra Patronato<\/title>\n<meta name=\"robots\" content=\"noindex, follow, max-snippet:-1, max-image-preview:large, max-video-preview:-1\" \/>\n<meta property=\"og:locale\" content=\"it_IT\" \/>\n<meta property=\"og:type\" content=\"article\" \/>\n<meta property=\"og:title\" content=\"Home-italiano - Tickets Alhambra Patronato\" \/>\n<meta property=\"og:description\" content=\"Importante Per accedere al complesso monumentale \u00e8 obbligatorio carta di identit\u00e0 o passaporto originali agli ingressi. Puntualit\u00e0 al momento dell&#039;accesso ai Palazzi Nasridi. Portare con s\u00e9 il biglietto con QR code in formato cartaceo o digitale (anche per i minori di 12 anni). I bambini sotto i 12 anni\u00a0devono portare il proprio biglietto (gratuito). 5. [&hellip;]\" \/>\n<meta property=\"og:url\" content=\"https:\/\/alhambra-entradas.demo.iacpospre.com\/it\/\" \/>\n<meta property=\"og:site_name\" content=\"Tickets Alhambra Patronato\" \/>\n<meta property=\"article:modified_time\" content=\"2026-04-10T10:27:28+00:00\" \/>\n<meta name=\"twitter:card\" content=\"summary_large_image\" \/>\n<meta name=\"twitter:label1\" content=\"Tempo di lettura stimato\" \/>\n\t<meta name=\"twitter:data1\" content=\"50 minuti\" \/>\n<script type=\"application\/ld+json\" class=\"yoast-schema-graph\">{\"@context\":\"https:\\\/\\\/schema.org\",\"@graph\":[{\"@type\":\"WebPage\",\"@id\":\"https:\\\/\\\/alhambra-entradas.demo.iacpospre.com\\\/it\\\/\",\"url\":\"https:\\\/\\\/alhambra-entradas.demo.iacpospre.com\\\/it\\\/\",\"name\":\"Home-italiano - Tickets Alhambra Patronato\",\"isPartOf\":{\"@id\":\"https:\\\/\\\/alhambra-entradas.demo.iacpospre.com\\\/#website\"},\"datePublished\":\"2021-11-03T12:09:29+00:00\",\"dateModified\":\"2026-04-10T10:27:28+00:00\",\"breadcrumb\":{\"@id\":\"https:\\\/\\\/alhambra-entradas.demo.iacpospre.com\\\/it\\\/#breadcrumb\"},\"inLanguage\":\"it-IT\",\"potentialAction\":[{\"@type\":\"ReadAction\",\"target\":[\"https:\\\/\\\/alhambra-entradas.demo.iacpospre.com\\\/it\\\/\"]}]},{\"@type\":\"BreadcrumbList\",\"@id\":\"https:\\\/\\\/alhambra-entradas.demo.iacpospre.com\\\/it\\\/#breadcrumb\",\"itemListElement\":[{\"@type\":\"ListItem\",\"position\":1,\"name\":\"Portada\",\"item\":\"https:\\\/\\\/alhambra-entradas.demo.iacpospre.com\\\/it\\\/\"},{\"@type\":\"ListItem\",\"position\":2,\"name\":\"Home-italiano\"}]},{\"@type\":\"WebSite\",\"@id\":\"https:\\\/\\\/alhambra-entradas.demo.iacpospre.com\\\/#website\",\"url\":\"https:\\\/\\\/alhambra-entradas.demo.iacpospre.com\\\/\",\"name\":\"Tickets Alhambra Patronato\",\"description\":\"Compra de entradas Alhambra y Generalife\",\"potentialAction\":[{\"@type\":\"SearchAction\",\"target\":{\"@type\":\"EntryPoint\",\"urlTemplate\":\"https:\\\/\\\/alhambra-entradas.demo.iacpospre.com\\\/?s={search_term_string}\"},\"query-input\":{\"@type\":\"PropertyValueSpecification\",\"valueRequired\":true,\"valueName\":\"search_term_string\"}}],\"inLanguage\":\"it-IT\"}]}<\/script>\n<!-- \/ Yoast SEO plugin. -->","yoast_head_json":{"title":"Home-italiano - Tickets Alhambra Patronato","robots":{"index":"noindex","follow":"follow","max-snippet":"max-snippet:-1","max-image-preview":"max-image-preview:large","max-video-preview":"max-video-preview:-1"},"og_locale":"it_IT","og_type":"article","og_title":"Home-italiano - Tickets Alhambra Patronato","og_description":"Importante Per accedere al complesso monumentale \u00e8 obbligatorio carta di identit\u00e0 o passaporto originali agli ingressi. Puntualit\u00e0 al momento dell'accesso ai Palazzi Nasridi. Portare con s\u00e9 il biglietto con QR code in formato cartaceo o digitale (anche per i minori di 12 anni). I bambini sotto i 12 anni\u00a0devono portare il proprio biglietto (gratuito). 5. [&hellip;]","og_url":"https:\/\/alhambra-entradas.demo.iacpospre.com\/it\/","og_site_name":"Tickets Alhambra Patronato","article_modified_time":"2026-04-10T10:27:28+00:00","twitter_card":"summary_large_image","twitter_misc":{"Tempo di lettura stimato":"50 minuti"},"schema":{"@context":"https:\/\/schema.org","@graph":[{"@type":"WebPage","@id":"https:\/\/alhambra-entradas.demo.iacpospre.com\/it\/","url":"https:\/\/alhambra-entradas.demo.iacpospre.com\/it\/","name":"Home-italiano - Tickets Alhambra Patronato","isPartOf":{"@id":"https:\/\/alhambra-entradas.demo.iacpospre.com\/#website"},"datePublished":"2021-11-03T12:09:29+00:00","dateModified":"2026-04-10T10:27:28+00:00","breadcrumb":{"@id":"https:\/\/alhambra-entradas.demo.iacpospre.com\/it\/#breadcrumb"},"inLanguage":"it-IT","potentialAction":[{"@type":"ReadAction","target":["https:\/\/alhambra-entradas.demo.iacpospre.com\/it\/"]}]},{"@type":"BreadcrumbList","@id":"https:\/\/alhambra-entradas.demo.iacpospre.com\/it\/#breadcrumb","itemListElement":[{"@type":"ListItem","position":1,"name":"Portada","item":"https:\/\/alhambra-entradas.demo.iacpospre.com\/it\/"},{"@type":"ListItem","position":2,"name":"Home-italiano"}]},{"@type":"WebSite","@id":"https:\/\/alhambra-entradas.demo.iacpospre.com\/#website","url":"https:\/\/alhambra-entradas.demo.iacpospre.com\/","name":"Tickets Alhambra Patronato","description":"Compra de entradas Alhambra y Generalife","potentialAction":[{"@type":"SearchAction","target":{"@type":"EntryPoint","urlTemplate":"https:\/\/alhambra-entradas.demo.iacpospre.com\/?s={search_term_string}"},"query-input":{"@type":"PropertyValueSpecification","valueRequired":true,"valueName":"search_term_string"}}],"inLanguage":"it-IT"}]}},"_links":{"self":[{"href":"https:\/\/alhambra-entradas.demo.iacpospre.com\/it\/wp-json\/wp\/v2\/pages\/6540","targetHints":{"allow":["GET"]}}],"collection":[{"href":"https:\/\/alhambra-entradas.demo.iacpospre.com\/it\/wp-json\/wp\/v2\/pages"}],"about":[{"href":"https:\/\/alhambra-entradas.demo.iacpospre.com\/it\/wp-json\/wp\/v2\/types\/page"}],"author":[{"embeddable":true,"href":"https:\/\/alhambra-entradas.demo.iacpospre.com\/it\/wp-json\/wp\/v2\/users\/1"}],"replies":[{"embeddable":true,"href":"https:\/\/alhambra-entradas.demo.iacpospre.com\/it\/wp-json\/wp\/v2\/comments?post=6540"}],"version-history":[{"count":434,"href":"https:\/\/alhambra-entradas.demo.iacpospre.com\/it\/wp-json\/wp\/v2\/pages\/6540\/revisions"}],"predecessor-version":[{"id":19480,"href":"https:\/\/alhambra-entradas.demo.iacpospre.com\/it\/wp-json\/wp\/v2\/pages\/6540\/revisions\/19480"}],"wp:attachment":[{"href":"https:\/\/alhambra-entradas.demo.iacpospre.com\/it\/wp-json\/wp\/v2\/media?parent=6540"}],"curies":[{"name":"wp","href":"https:\/\/api.w.org\/{rel}","templated":true}]}}